{"id":6480,"date":"2023-01-02T18:36:17","date_gmt":"2023-01-02T18:36:17","guid":{"rendered":"https:\/\/berlin-laeuft.org\/s25berlin\/?page_id=6480"},"modified":"2026-04-22T12:44:14","modified_gmt":"2026-04-22T10:44:14","slug":"preise-und-infos","status":"publish","type":"page","link":"https:\/\/berlin-laeuft.de\/s25berlin\/preise-und-infos\/","title":{"rendered":"Preise und Infos"},"content":{"rendered":"<p>[et_pb_section fb_built=&#8221;1&#8243; _builder_version=&#8221;4.19.4&#8243; _module_preset=&#8221;default&#8221; width=&#8221;100%&#8221; custom_padding=&#8221;0px|||||&#8221; global_colors_info=&#8221;{}&#8221; theme_builder_area=&#8221;post_content&#8221;][et_pb_row _builder_version=&#8221;4.27.4&#8243; _module_preset=&#8221;default&#8221; width=&#8221;100%&#8221; global_colors_info=&#8221;{}&#8221; theme_builder_area=&#8221;post_content&#8221;][et_pb_column type=&#8221;4_4&#8243; _builder_version=&#8221;4.19.4&#8243; _module_preset=&#8221;default&#8221; global_colors_info=&#8221;{}&#8221; theme_builder_area=&#8221;post_content&#8221;][et_pb_blurb title=&#8221;Preisstaffelung&#8221; use_icon=&#8221;on&#8221; font_icon=&#8221;&#xf153;||fa||900&#8243; icon_placement=&#8221;left&#8221; image_icon_width=&#8221;30px&#8221; content_max_width=&#8221;100%&#8221; _builder_version=&#8221;4.19.5&#8243; _module_preset=&#8221;default&#8221; header_level=&#8221;h2&#8243; header_text_align=&#8221;left&#8221; header_text_color=&#8221;gcid-8865b06d-5625-40de-98fd-5e76479e36fc&#8221; custom_padding=&#8221;||5px|0px|false|false&#8221; animation=&#8221;off&#8221; border_width_bottom=&#8221;1px&#8221; border_color_bottom=&#8221;gcid-8865b06d-5625-40de-98fd-5e76479e36fc&#8221; saved_tabs=&#8221;all&#8221; global_colors_info=&#8221;{%22gcid-8865b06d-5625-40de-98fd-5e76479e36fc%22:%91%22icon_color%22,%22border_color_bottom%22,%22header_text_color%22%93}&#8221; theme_builder_area=&#8221;post_content&#8221;][\/et_pb_blurb][et_pb_text _builder_version=&#8221;4.26.0&#8243; _module_preset=&#8221;default&#8221; global_colors_info=&#8221;{}&#8221; theme_builder_area=&#8221;post_content&#8221;][\/et_pb_text][et_pb_text _builder_version=&#8221;4.27.4&#8243; _module_preset=&#8221;default&#8221; custom_margin=&#8221;||40px||false|false&#8221; global_colors_info=&#8221;{}&#8221; theme_builder_area=&#8221;post_content&#8221;]<\/p>\n<div id=\"footable_parent_7483\"\n         class=\" footable_parent ninja_table_wrapper loading_ninja_table wp_table_data_press_parent semantic_ui \">\n                <table data-ninja_table_instance=\"ninja_table_instance_0\" data-footable_id=\"7483\" data-filter-delay=\"1000\" aria-label=\"Startgeb\u00fchren\"            id=\"footable_7483\"\n           data-unique_identifier=\"ninja_table_unique_id_3670393979_7483\"\n           class=\" foo-table ninja_footable foo_table_7483 ninja_table_unique_id_3670393979_7483 ui table  nt_type_ajax_table single line striped vertical_centered  footable-paging-right ninja_table_search_disabled\">\n                <colgroup>\n                            <col class=\"ninja_column_0 \">\n                            <col class=\"ninja_column_1 \">\n                            <col class=\"ninja_column_2 \">\n                            <col class=\"ninja_column_3 \">\n                            <col class=\"ninja_column_4 \">\n                            <col class=\"ninja_column_5 \">\n                    <\/colgroup>\n            <\/table>\n    \n    \n    \n<\/div>\n\n<div id=\"footable_parent_7483\" class=\"footable_parent ninja_table_wrapper wp_table_data_press_parent semantic_ui\">\n<p>*Die Anmeldung ist nur m\u00f6glich, solange Startpl\u00e4tze verf\u00fcgbar sind!<\/p>\n<\/div>\n<p>&nbsp;<\/p>\n<p><strong><a href=\"https:\/\/www.davengo.com\/event\/overview\/s-25-berlin-2026\" target=\"_blank\" rel=\"noopener\">Hier geht&#8217;s zur Anmeldung!<\/a><\/strong><\/p>\n<p>[\/et_pb_text][et_pb_text _builder_version=&#8221;4.27.6&#8243; _module_preset=&#8221;default&#8221; global_colors_info=&#8221;{}&#8221; theme_builder_area=&#8221;post_content&#8221;]<\/p>\n<h4>Kinderlauf \u2013 Jahrgang 2021 bis 2013:<\/h4>\n<p>bis 04.04.2026*: 15,00 \u20ac<br \/>danach: 20,00 \u20ac<\/p>\n<p>*Die Anmeldung ist nur m\u00f6glich, solange Startpl\u00e4tze verf\u00fcgbar sind!<\/p>\n<p>Die Teilnahmegeb\u00fchr kann gem\u00e4\u00df unseren\u202f<strong><a href=\"https:\/\/berlin-laeuft.de\/teilnahmebedingungen\/\">Teilnahmebedingungen<\/a> <\/strong>nicht erstattet werden.<\/p>\n<p>[\/et_pb_text][\/et_pb_column][\/et_pb_row][et_pb_row _builder_version=&#8221;4.19.4&#8243; _module_preset=&#8221;default&#8221; width=&#8221;100%&#8221; global_colors_info=&#8221;{}&#8221; theme_builder_area=&#8221;post_content&#8221;][et_pb_column type=&#8221;4_4&#8243; _builder_version=&#8221;4.19.4&#8243; _module_preset=&#8221;default&#8221; global_colors_info=&#8221;{}&#8221; theme_builder_area=&#8221;post_content&#8221;][et_pb_blurb title=&#8221;Zusatzleistungen&#8221; use_icon=&#8221;on&#8221; font_icon=&#8221;&#x50;||divi||400&#8243; icon_placement=&#8221;left&#8221; image_icon_width=&#8221;30px&#8221; content_max_width=&#8221;100%&#8221; _builder_version=&#8221;4.19.5&#8243; _module_preset=&#8221;default&#8221; header_level=&#8221;h2&#8243; header_text_align=&#8221;left&#8221; header_text_color=&#8221;gcid-8865b06d-5625-40de-98fd-5e76479e36fc&#8221; custom_padding=&#8221;||5px|0px|false|false&#8221; animation=&#8221;off&#8221; border_width_bottom=&#8221;1px&#8221; border_color_bottom=&#8221;gcid-8865b06d-5625-40de-98fd-5e76479e36fc&#8221; saved_tabs=&#8221;all&#8221; global_colors_info=&#8221;{%22gcid-8865b06d-5625-40de-98fd-5e76479e36fc%22:%91%22icon_color%22,%22border_color_bottom%22,%22header_text_color%22%93}&#8221; theme_builder_area=&#8221;post_content&#8221;][\/et_pb_blurb][et_pb_text _builder_version=&#8221;4.27.6&#8243; _module_preset=&#8221;default&#8221; global_colors_info=&#8221;{}&#8221; theme_builder_area=&#8221;post_content&#8221;]<\/p>\n<ul>\n<li><strong>Zeitmess-Transponder:<\/strong> An der Startnummer, wird am Schuh befestigt<\/li>\n<li><strong>Event-Shirt:<\/strong> 32,50 \u20ac<\/li>\n<li><strong>Medaillengravur:<\/strong> 10,00 \u20ac<strong style=\"font-size: 17px\"><\/strong><\/li>\n<li><strong>Fotopaket:<\/strong> 23,00 \u20ac<\/li>\n<li><strong>HD-Video vom Start-Zieleinlauf:<\/strong> 3,99 \u20ac<\/li>\n<li><strong>Geld-zur\u00fcck-Garantie:<\/strong> 8,00 \u20ac<\/li>\n<\/ul>\n<p><span data-contrast=\"auto\">Laut unseren <strong><a href=\"https:\/\/berlin-laeuft.de\/teilnahmebedingungen\/\">Teilnahmebedingungen<\/a> <\/strong>ist eine Erstattung der Geb\u00fchren nicht m\u00f6glich.<\/span><span data-ccp-props=\"{&quot;201341983&quot;:0,&quot;335559739&quot;:160,&quot;335559740&quot;:259}\">\u00a0<\/span><\/p>\n<p>[\/et_pb_text][\/et_pb_column][\/et_pb_row][et_pb_row _builder_version=&#8221;4.19.4&#8243; _module_preset=&#8221;default&#8221; width=&#8221;100%&#8221; global_colors_info=&#8221;{}&#8221; theme_builder_area=&#8221;post_content&#8221;][et_pb_column type=&#8221;4_4&#8243; _builder_version=&#8221;4.19.4&#8243; _module_preset=&#8221;default&#8221; global_colors_info=&#8221;{}&#8221; theme_builder_area=&#8221;post_content&#8221;][et_pb_blurb title=&#8221;Gruppen&#8221; use_icon=&#8221;on&#8221; font_icon=&#8221;&#xf0c0;||fa||900&#8243; icon_placement=&#8221;left&#8221; image_icon_width=&#8221;30px&#8221; content_max_width=&#8221;100%&#8221; _builder_version=&#8221;4.19.5&#8243; _module_preset=&#8221;default&#8221; header_level=&#8221;h2&#8243; header_text_align=&#8221;left&#8221; header_text_color=&#8221;gcid-8865b06d-5625-40de-98fd-5e76479e36fc&#8221; custom_padding=&#8221;||5px|0px|false|false&#8221; animation=&#8221;off&#8221; border_width_bottom=&#8221;1px&#8221; border_color_bottom=&#8221;gcid-8865b06d-5625-40de-98fd-5e76479e36fc&#8221; saved_tabs=&#8221;all&#8221; global_colors_info=&#8221;{%22gcid-8865b06d-5625-40de-98fd-5e76479e36fc%22:%91%22icon_color%22,%22border_color_bottom%22,%22header_text_color%22%93}&#8221; theme_builder_area=&#8221;post_content&#8221;][\/et_pb_blurb][et_pb_text _builder_version=&#8221;4.26.0&#8243; _module_preset=&#8221;default&#8221; global_colors_info=&#8221;{}&#8221; theme_builder_area=&#8221;post_content&#8221;]<\/p>\n<p>Gruppen erhalten ab 15 TeilnehmerInnen einen Rabatt von 10% auf die Teilnahmegeb\u00fchren*. Eine Anmeldung kann nur \u00fcber das \u201eBerlin l\u00e4uft!\u201c-Team erfolgen. Bitte meldet Euch unter <strong><a href=\"mailto:info@berlin-laeuft.de\">info@berlin-laeuft.de<\/a> <\/strong>oder telefonisch unter 030\/30 111 8644 in der Zeit von 9 bis 17 Uhr. F\u00fcr Gruppen bieten wir zudem eine gesammelte Abholung der Startunterlagen an.<\/p>\n<p>*Es gibt keinen Gruppenrabatt auf den Kinderlauf.<\/p>\n<p>[\/et_pb_text][\/et_pb_column][\/et_pb_row][et_pb_row _builder_version=&#8221;4.19.4&#8243; _module_preset=&#8221;default&#8221; width=&#8221;100%&#8221; global_colors_info=&#8221;{}&#8221; theme_builder_area=&#8221;post_content&#8221;][et_pb_column type=&#8221;4_4&#8243; _builder_version=&#8221;4.19.4&#8243; _module_preset=&#8221;default&#8221; global_colors_info=&#8221;{}&#8221; theme_builder_area=&#8221;post_content&#8221;][et_pb_blurb title=&#8221;Teilnahmebedingungen&#8221; use_icon=&#8221;on&#8221; font_icon=&#8221;&#x6c;||divi||400&#8243; icon_placement=&#8221;left&#8221; image_icon_width=&#8221;30px&#8221; content_max_width=&#8221;100%&#8221; _builder_version=&#8221;4.19.5&#8243; _module_preset=&#8221;default&#8221; header_level=&#8221;h2&#8243; header_text_align=&#8221;left&#8221; header_text_color=&#8221;gcid-8865b06d-5625-40de-98fd-5e76479e36fc&#8221; custom_padding=&#8221;||5px|0px|false|false&#8221; animation=&#8221;off&#8221; border_width_bottom=&#8221;1px&#8221; border_color_bottom=&#8221;gcid-8865b06d-5625-40de-98fd-5e76479e36fc&#8221; saved_tabs=&#8221;all&#8221; global_colors_info=&#8221;{%22gcid-8865b06d-5625-40de-98fd-5e76479e36fc%22:%91%22icon_color%22,%22border_color_bottom%22,%22header_text_color%22%93}&#8221; theme_builder_area=&#8221;post_content&#8221;][\/et_pb_blurb][et_pb_text _builder_version=&#8221;4.27.6&#8243; _module_preset=&#8221;default&#8221; hover_enabled=&#8221;0&#8243; global_colors_info=&#8221;{}&#8221; theme_builder_area=&#8221;post_content&#8221; sticky_enabled=&#8221;0&#8243;]<\/p>\n<p>Mit der Online-Anmeldung best\u00e4tigt Ihr, dass Ihr mit den <span data-contrast=\"auto\"><strong><a href=\"https:\/\/berlin-laeuft.de\/teilnahmebedingungen\/\">Teilnahmebedingungen<\/a><\/strong><\/span> einverstanden seid.<\/p>\n<p>[\/et_pb_text][\/et_pb_column][\/et_pb_row][et_pb_row _builder_version=&#8221;4.19.4&#8243; _module_preset=&#8221;default&#8221; width=&#8221;100%&#8221; global_colors_info=&#8221;{}&#8221; theme_builder_area=&#8221;post_content&#8221;][et_pb_column type=&#8221;4_4&#8243; _builder_version=&#8221;4.19.4&#8243; _module_preset=&#8221;default&#8221; global_colors_info=&#8221;{}&#8221; theme_builder_area=&#8221;post_content&#8221;][et_pb_blurb title=&#8221;Startpaket&#8221; use_icon=&#8221;on&#8221; font_icon=&#8221;&#xe008;||divi||400&#8243; icon_placement=&#8221;left&#8221; image_icon_width=&#8221;30px&#8221; content_max_width=&#8221;100%&#8221; _builder_version=&#8221;4.19.5&#8243; _module_preset=&#8221;default&#8221; header_level=&#8221;h2&#8243; header_text_align=&#8221;left&#8221; header_text_color=&#8221;gcid-8865b06d-5625-40de-98fd-5e76479e36fc&#8221; custom_padding=&#8221;||5px|0px|false|false&#8221; animation=&#8221;off&#8221; border_width_bottom=&#8221;1px&#8221; border_color_bottom=&#8221;gcid-8865b06d-5625-40de-98fd-5e76479e36fc&#8221; saved_tabs=&#8221;all&#8221; global_colors_info=&#8221;{%22gcid-8865b06d-5625-40de-98fd-5e76479e36fc%22:%91%22icon_color%22,%22border_color_bottom%22,%22header_text_color%22%93}&#8221; theme_builder_area=&#8221;post_content&#8221;][\/et_pb_blurb][et_pb_text _builder_version=&#8221;4.19.4&#8243; _module_preset=&#8221;default&#8221; global_colors_info=&#8221;{}&#8221; theme_builder_area=&#8221;post_content&#8221;]<\/p>\n<p><strong>Wir bieten unseren Teilnehmer\/Innen ein umfangreiches Startpaket:<\/strong><strong><\/strong><strong><\/strong><\/p>\n<ul>\n<li>Versicherung<\/li>\n<li>Zeitmessung mit dem Transponder am Schuh<\/li>\n<li>Kleiderbeutelaufbewahrung<\/li>\n<li>Verpflegungspunkte und WC\u2019s an der Strecke<\/li>\n<li>Hinterzielverpflegung<\/li>\n<li>Einzelwertungen<\/li>\n<li>Finisher-Medaille<\/li>\n<li>Online-Urkunde mit pers\u00f6nlichem Ergebnis<\/li>\n<li>BVG-Tickets nur f\u00fcr Staffell\u00e4uferInnen<\/li>\n<li>Lauf-Festival f\u00fcr die ganze Familie auf dem Gel\u00e4nde des Olympiastadion Berlin<\/li>\n<\/ul>\n<p>[\/et_pb_text][\/et_pb_column][\/et_pb_row][et_pb_row _builder_version=&#8221;4.19.4&#8243; _module_preset=&#8221;default&#8221; width=&#8221;100%&#8221; global_colors_info=&#8221;{}&#8221; theme_builder_area=&#8221;post_content&#8221;][et_pb_column type=&#8221;4_4&#8243; _builder_version=&#8221;4.19.4&#8243; _module_preset=&#8221;default&#8221; global_colors_info=&#8221;{}&#8221; theme_builder_area=&#8221;post_content&#8221;][et_pb_blurb title=&#8221;Startnummernvergabe&#8221; use_icon=&#8221;on&#8221; font_icon=&#8221;&#xe608;||divi||400&#8243; icon_placement=&#8221;left&#8221; image_icon_width=&#8221;30px&#8221; content_max_width=&#8221;100%&#8221; _builder_version=&#8221;4.27.4&#8243; _module_preset=&#8221;default&#8221; header_level=&#8221;h2&#8243; header_text_align=&#8221;left&#8221; header_text_color=&#8221;gcid-8865b06d-5625-40de-98fd-5e76479e36fc&#8221; custom_padding=&#8221;||5px|0px|false|false&#8221; animation=&#8221;off&#8221; border_width_bottom=&#8221;1px&#8221; border_color_bottom=&#8221;gcid-8865b06d-5625-40de-98fd-5e76479e36fc&#8221; saved_tabs=&#8221;all&#8221; global_colors_info=&#8221;{%22gcid-8865b06d-5625-40de-98fd-5e76479e36fc%22:%91%22icon_color%22,%22border_color_bottom%22,%22header_text_color%22%93}&#8221; theme_builder_area=&#8221;post_content&#8221;][\/et_pb_blurb][et_pb_text _builder_version=&#8221;4.27.4&#8243; _module_preset=&#8221;default&#8221; global_colors_info=&#8221;{}&#8221; theme_builder_area=&#8221;post_content&#8221;]<\/p>\n<p>Die Startnummern werden erst kurz vor der Veranstaltung vom Zeitnehmer zugeordnet. Bei Anmeldung im Nachmeldezeitraum, wird die Startnummer erst kurz vor dem auf zugeordnet. Eure Startnummer findet Ihr in der <strong><a href=\"https:\/\/www.davengo.com\/event\/starter\/s-25-berlin-2026\/\" target=\"_blank\" rel=\"noopener\">Startliste<\/a><\/strong>.<\/p>\n<p>Alle weitere Information erhaltet Ihr vor dem Lauf per E-Mail oder findet Ihr in den Teilnehmerinfos (Verlinkung zu Teilnehmerinfos).<\/p>\n<p>Gruppen ab 15 Personen k\u00f6nnen Ihre Startunterlagen gesammelt abholen.<\/p>\n<p>Sollte es f\u00fcr Euch nicht m\u00f6glich sein, pers\u00f6nlich an den Tagen der Startunterlagenausgabe zu kommen, habt Ihr die M\u00f6glichkeit die Unterlagen von einer anderen Person abholen zu lassen. In diesem Fall reicht zur Abholung die Vorlage der Startnummer! Eine Vollmacht wird nicht ben\u00f6tigt.<\/p>\n<p>[\/et_pb_text][\/et_pb_column][\/et_pb_row][et_pb_row _builder_version=&#8221;4.19.4&#8243; _module_preset=&#8221;default&#8221; width=&#8221;100%&#8221; global_colors_info=&#8221;{}&#8221; theme_builder_area=&#8221;post_content&#8221;][et_pb_column type=&#8221;4_4&#8243; _builder_version=&#8221;4.19.4&#8243; _module_preset=&#8221;default&#8221; global_colors_info=&#8221;{}&#8221; theme_builder_area=&#8221;post_content&#8221;][et_pb_blurb title=&#8221;\u00dcbertragung des Startplatzes&#8221; use_icon=&#8221;on&#8221; font_icon=&#8221;&#x2b;||divi||400&#8243; icon_placement=&#8221;left&#8221; image_icon_width=&#8221;30px&#8221; content_max_width=&#8221;100%&#8221; _builder_version=&#8221;4.19.5&#8243; _module_preset=&#8221;default&#8221; header_level=&#8221;h2&#8243; header_text_align=&#8221;left&#8221; header_text_color=&#8221;gcid-8865b06d-5625-40de-98fd-5e76479e36fc&#8221; custom_padding=&#8221;||5px|0px|false|false&#8221; animation=&#8221;off&#8221; border_width_bottom=&#8221;1px&#8221; border_color_bottom=&#8221;gcid-8865b06d-5625-40de-98fd-5e76479e36fc&#8221; saved_tabs=&#8221;all&#8221; global_colors_info=&#8221;{%22gcid-8865b06d-5625-40de-98fd-5e76479e36fc%22:%91%22icon_color%22,%22border_color_bottom%22,%22header_text_color%22%93}&#8221; theme_builder_area=&#8221;post_content&#8221;][\/et_pb_blurb][et_pb_text _builder_version=&#8221;4.27.6&#8243; _module_preset=&#8221;default&#8221; hover_enabled=&#8221;0&#8243; global_colors_info=&#8221;{}&#8221; theme_builder_area=&#8221;post_content&#8221; sticky_enabled=&#8221;0&#8243;]<\/p>\n<p>Eine R\u00fcckerstattung ist ausgeschlossen. Es besteht bis zum Beginn der Nachmeldung (14 Tage vor der Veranstaltung) die M\u00f6glichkeit den Startplatz kostenlos auf einen anderen Teilnehmer oder eine andere Teilnehmerin zu \u00fcbertragen. Diese \u00c4nderung kannst Du selbst\u00e4ndig in Deinem Davengo Account vornehmen.<\/p>\n<p>[\/et_pb_text][\/et_pb_column][\/et_pb_row][\/et_pb_section]<\/p>\n","protected":false},"excerpt":{"rendered":"<p><div id=\"footable_parent_7483\"\n         class=\" footable_parent ninja_table_wrapper loading_ninja_table wp_table_data_press_parent semantic_ui \">\n                <table data-ninja_table_instance=\"ninja_table_instance_1\" data-footable_id=\"7483\" data-filter-delay=\"1000\" aria-label=\"Startgeb\u00fchren\"            id=\"footable_7483\"\n           data-unique_identifier=\"ninja_table_unique_id_4043648060_7483\"\n           class=\" foo-table ninja_footable foo_table_7483 ninja_table_unique_id_4043648060_7483 ui table  nt_type_ajax_table single line striped vertical_centered  footable-paging-right ninja_table_search_disabled\">\n                <colgroup>\n                            <col class=\"ninja_column_0 \">\n                            <col class=\"ninja_column_1 \">\n                            <col class=\"ninja_column_2 \">\n                            <col class=\"ninja_column_3 \">\n                            <col class=\"ninja_column_4 \">\n                            <col class=\"ninja_column_5 \">\n                    <\/colgroup>\n            <\/table>\n    \n    \n    \n<\/div>\n *Die Anmeldung ist nur m\u00f6glich, solange Startpl\u00e4tze verf\u00fcgbar sind! &nbsp; Hier geht&#8217;s zur Anmeldung!Kinderlauf \u2013 Jahrgang 2021 bis 2013: bis 04.04.2026*: 15,00 \u20acdanach: 20,00 \u20ac *Die Anmeldung ist nur m\u00f6glich, solange Startpl\u00e4tze verf\u00fcgbar sind! Die Teilnahmegeb\u00fchr kann gem\u00e4\u00df unseren\u202fTeilnahmebedingungen nicht erstattet werden. Zeitmess-Transponder: An der Startnummer, wird am Schuh befestigt Event-Shirt: 32,50 \u20ac [&hellip;]<\/p>\n","protected":false},"author":1,"featured_media":0,"parent":0,"menu_order":0,"comment_status":"closed","ping_status":"closed","template":"","meta":{"_et_pb_use_builder":"on","_et_pb_old_content":"","_et_gb_content_width":"","footnotes":""},"class_list":["post-6480","page","type-page","status-publish","hentry"],"yoast_head":"<!-- This site is optimized with the Yoast SEO plugin v27.5 - https:\/\/yoast.com\/product\/yoast-seo-wordpress\/ -->\n<title>S25 Berlin | Preise und Infos<\/title>\n<meta name=\"robots\" content=\"index, follow, max-snippet:-1, max-image-preview:large, max-video-preview:-1\" \/>\n<link rel=\"canonical\" href=\"https:\/\/berlin-laeuft.de\/s25berlin\/preise-und-infos\/\" \/>\n<meta property=\"og:locale\" content=\"en_US\" \/>\n<meta property=\"og:type\" content=\"article\" \/>\n<meta property=\"og:title\" content=\"S25 Berlin | Preise und Infos\" \/>\n<meta property=\"og:description\" content=\"*Die Anmeldung ist nur m\u00f6glich, solange Startpl\u00e4tze verf\u00fcgbar sind! &nbsp; Hier geht&#039;s zur Anmeldung!Kinderlauf \u2013 Jahrgang 2021 bis 2013: bis 04.04.2026*: 15,00 \u20acdanach: 20,00 \u20ac *Die Anmeldung ist nur m\u00f6glich, solange Startpl\u00e4tze verf\u00fcgbar sind! Die Teilnahmegeb\u00fchr kann gem\u00e4\u00df unseren\u202fTeilnahmebedingungen nicht erstattet werden. Zeitmess-Transponder: An der Startnummer, wird am Schuh befestigt Event-Shirt: 32,50 \u20ac [&hellip;]\" \/>\n<meta property=\"og:url\" content=\"https:\/\/berlin-laeuft.de\/s25berlin\/preise-und-infos\/\" \/>\n<meta property=\"og:site_name\" content=\"S25 Berlin\" \/>\n<meta property=\"article:modified_time\" content=\"2026-04-22T10:44:14+00:00\" \/>\n<meta name=\"twitter:card\" content=\"summary_large_image\" \/>\n<meta name=\"twitter:label1\" content=\"Est. reading time\" \/>\n\t<meta name=\"twitter:data1\" content=\"4 minutes\" \/>\n<script type=\"application\/ld+json\" class=\"yoast-schema-graph\">{\"@context\":\"https:\\\/\\\/schema.org\",\"@graph\":[{\"@type\":\"WebPage\",\"@id\":\"https:\\\/\\\/berlin-laeuft.de\\\/s25berlin\\\/preise-und-infos\\\/\",\"url\":\"https:\\\/\\\/berlin-laeuft.de\\\/s25berlin\\\/preise-und-infos\\\/\",\"name\":\"S25 Berlin | Preise und Infos\",\"isPartOf\":{\"@id\":\"https:\\\/\\\/berlin-laeuft.de\\\/s25berlin\\\/#website\"},\"datePublished\":\"2023-01-02T18:36:17+00:00\",\"dateModified\":\"2026-04-22T10:44:14+00:00\",\"breadcrumb\":{\"@id\":\"https:\\\/\\\/berlin-laeuft.de\\\/s25berlin\\\/preise-und-infos\\\/#breadcrumb\"},\"inLanguage\":\"en-US\",\"potentialAction\":[{\"@type\":\"ReadAction\",\"target\":[\"https:\\\/\\\/berlin-laeuft.de\\\/s25berlin\\\/preise-und-infos\\\/\"]}]},{\"@type\":\"BreadcrumbList\",\"@id\":\"https:\\\/\\\/berlin-laeuft.de\\\/s25berlin\\\/preise-und-infos\\\/#breadcrumb\",\"itemListElement\":[{\"@type\":\"ListItem\",\"position\":1,\"name\":\"Startseite\",\"item\":\"https:\\\/\\\/berlin-laeuft.de\\\/s25berlin\\\/\"},{\"@type\":\"ListItem\",\"position\":2,\"name\":\"Preise und Infos\"}]},{\"@type\":\"WebSite\",\"@id\":\"https:\\\/\\\/berlin-laeuft.de\\\/s25berlin\\\/#website\",\"url\":\"https:\\\/\\\/berlin-laeuft.de\\\/s25berlin\\\/\",\"name\":\"S25 Berlin\",\"description\":\"\",\"publisher\":{\"@id\":\"https:\\\/\\\/berlin-laeuft.de\\\/s25berlin\\\/#organization\"},\"potentialAction\":[{\"@type\":\"SearchAction\",\"target\":{\"@type\":\"EntryPoint\",\"urlTemplate\":\"https:\\\/\\\/berlin-laeuft.de\\\/s25berlin\\\/?s={search_term_string}\"},\"query-input\":{\"@type\":\"PropertyValueSpecification\",\"valueRequired\":true,\"valueName\":\"search_term_string\"}}],\"inLanguage\":\"en-US\"},{\"@type\":\"Organization\",\"@id\":\"https:\\\/\\\/berlin-laeuft.de\\\/s25berlin\\\/#organization\",\"name\":\"S25 Berlin\",\"url\":\"https:\\\/\\\/berlin-laeuft.de\\\/s25berlin\\\/\",\"logo\":{\"@type\":\"ImageObject\",\"inLanguage\":\"en-US\",\"@id\":\"https:\\\/\\\/berlin-laeuft.de\\\/s25berlin\\\/#\\\/schema\\\/logo\\\/image\\\/\",\"url\":\"https:\\\/\\\/berlin-laeuft.de\\\/s25berlin\\\/wp-content\\\/uploads\\\/sites\\\/2\\\/logos\\\/s25-logo.svg\",\"contentUrl\":\"https:\\\/\\\/berlin-laeuft.de\\\/s25berlin\\\/wp-content\\\/uploads\\\/sites\\\/2\\\/logos\\\/s25-logo.svg\",\"width\":1,\"height\":1,\"caption\":\"S25 Berlin\"},\"image\":{\"@id\":\"https:\\\/\\\/berlin-laeuft.de\\\/s25berlin\\\/#\\\/schema\\\/logo\\\/image\\\/\"}}]}<\/script>\n<!-- \/ Yoast SEO plugin. -->","yoast_head_json":{"title":"S25 Berlin | Preise und Infos","robots":{"index":"index","follow":"follow","max-snippet":"max-snippet:-1","max-image-preview":"max-image-preview:large","max-video-preview":"max-video-preview:-1"},"canonical":"https:\/\/berlin-laeuft.de\/s25berlin\/preise-und-infos\/","og_locale":"en_US","og_type":"article","og_title":"S25 Berlin | Preise und Infos","og_description":"*Die Anmeldung ist nur m\u00f6glich, solange Startpl\u00e4tze verf\u00fcgbar sind! &nbsp; Hier geht's zur Anmeldung!Kinderlauf \u2013 Jahrgang 2021 bis 2013: bis 04.04.2026*: 15,00 \u20acdanach: 20,00 \u20ac *Die Anmeldung ist nur m\u00f6glich, solange Startpl\u00e4tze verf\u00fcgbar sind! Die Teilnahmegeb\u00fchr kann gem\u00e4\u00df unseren\u202fTeilnahmebedingungen nicht erstattet werden. Zeitmess-Transponder: An der Startnummer, wird am Schuh befestigt Event-Shirt: 32,50 \u20ac [&hellip;]","og_url":"https:\/\/berlin-laeuft.de\/s25berlin\/preise-und-infos\/","og_site_name":"S25 Berlin","article_modified_time":"2026-04-22T10:44:14+00:00","twitter_card":"summary_large_image","twitter_misc":{"Est. reading time":"4 minutes"},"schema":{"@context":"https:\/\/schema.org","@graph":[{"@type":"WebPage","@id":"https:\/\/berlin-laeuft.de\/s25berlin\/preise-und-infos\/","url":"https:\/\/berlin-laeuft.de\/s25berlin\/preise-und-infos\/","name":"S25 Berlin | Preise und Infos","isPartOf":{"@id":"https:\/\/berlin-laeuft.de\/s25berlin\/#website"},"datePublished":"2023-01-02T18:36:17+00:00","dateModified":"2026-04-22T10:44:14+00:00","breadcrumb":{"@id":"https:\/\/berlin-laeuft.de\/s25berlin\/preise-und-infos\/#breadcrumb"},"inLanguage":"en-US","potentialAction":[{"@type":"ReadAction","target":["https:\/\/berlin-laeuft.de\/s25berlin\/preise-und-infos\/"]}]},{"@type":"BreadcrumbList","@id":"https:\/\/berlin-laeuft.de\/s25berlin\/preise-und-infos\/#breadcrumb","itemListElement":[{"@type":"ListItem","position":1,"name":"Startseite","item":"https:\/\/berlin-laeuft.de\/s25berlin\/"},{"@type":"ListItem","position":2,"name":"Preise und Infos"}]},{"@type":"WebSite","@id":"https:\/\/berlin-laeuft.de\/s25berlin\/#website","url":"https:\/\/berlin-laeuft.de\/s25berlin\/","name":"S25 Berlin","description":"","publisher":{"@id":"https:\/\/berlin-laeuft.de\/s25berlin\/#organization"},"potentialAction":[{"@type":"SearchAction","target":{"@type":"EntryPoint","urlTemplate":"https:\/\/berlin-laeuft.de\/s25berlin\/?s={search_term_string}"},"query-input":{"@type":"PropertyValueSpecification","valueRequired":true,"valueName":"search_term_string"}}],"inLanguage":"en-US"},{"@type":"Organization","@id":"https:\/\/berlin-laeuft.de\/s25berlin\/#organization","name":"S25 Berlin","url":"https:\/\/berlin-laeuft.de\/s25berlin\/","logo":{"@type":"ImageObject","inLanguage":"en-US","@id":"https:\/\/berlin-laeuft.de\/s25berlin\/#\/schema\/logo\/image\/","url":"https:\/\/berlin-laeuft.de\/s25berlin\/wp-content\/uploads\/sites\/2\/logos\/s25-logo.svg","contentUrl":"https:\/\/berlin-laeuft.de\/s25berlin\/wp-content\/uploads\/sites\/2\/logos\/s25-logo.svg","width":1,"height":1,"caption":"S25 Berlin"},"image":{"@id":"https:\/\/berlin-laeuft.de\/s25berlin\/#\/schema\/logo\/image\/"}}]}},"_links":{"self":[{"href":"https:\/\/berlin-laeuft.de\/s25berlin\/wp-json\/wp\/v2\/pages\/6480","targetHints":{"allow":["GET"]}}],"collection":[{"href":"https:\/\/berlin-laeuft.de\/s25berlin\/wp-json\/wp\/v2\/pages"}],"about":[{"href":"https:\/\/berlin-laeuft.de\/s25berlin\/wp-json\/wp\/v2\/types\/page"}],"author":[{"embeddable":true,"href":"https:\/\/berlin-laeuft.de\/s25berlin\/wp-json\/wp\/v2\/users\/1"}],"replies":[{"embeddable":true,"href":"https:\/\/berlin-laeuft.de\/s25berlin\/wp-json\/wp\/v2\/comments?post=6480"}],"version-history":[{"count":2,"href":"https:\/\/berlin-laeuft.de\/s25berlin\/wp-json\/wp\/v2\/pages\/6480\/revisions"}],"predecessor-version":[{"id":9190,"href":"https:\/\/berlin-laeuft.de\/s25berlin\/wp-json\/wp\/v2\/pages\/6480\/revisions\/9190"}],"wp:attachment":[{"href":"https:\/\/berlin-laeuft.de\/s25berlin\/wp-json\/wp\/v2\/media?parent=6480"}],"curies":[{"name":"wp","href":"https:\/\/api.w.org\/{rel}","templated":true}]}}