{"id":6747,"date":"2023-02-14T12:24:17","date_gmt":"2023-02-14T12:24:17","guid":{"rendered":"https:\/\/berlin-laeuft.org\/s25berlin\/?page_id=6747"},"modified":"2026-03-26T12:14:22","modified_gmt":"2026-03-26T10:14:22","slug":"partner","status":"publish","type":"page","link":"https:\/\/berlin-laeuft.de\/s25berlin\/partner\/","title":{"rendered":"Partner"},"content":{"rendered":"<p>[et_pb_section fb_built=&#8221;1&#8243; admin_label=&#8221;Sparkasse&#8221; _builder_version=&#8221;4.19.4&#8243; width=&#8221;100%&#8221; width_tablet=&#8221;&#8221; width_phone=&#8221;&#8221; width_last_edited=&#8221;on|desktop&#8221; module_alignment=&#8221;center&#8221; custom_padding=&#8221;0px||20px||false|false&#8221; global_colors_info=&#8221;{}&#8221; theme_builder_area=&#8221;post_content&#8221;][et_pb_row _builder_version=&#8221;4.16&#8243; background_size=&#8221;initial&#8221; background_position=&#8221;top_left&#8221; background_repeat=&#8221;repeat&#8221; width=&#8221;100%&#8221; custom_padding=&#8221;2px|||||&#8221; global_colors_info=&#8221;{}&#8221; theme_builder_area=&#8221;post_content&#8221;][et_pb_column type=&#8221;4_4&#8243; _builder_version=&#8221;4.16&#8243; custom_padding=&#8221;|||&#8221; global_colors_info=&#8221;{}&#8221; custom_padding__hover=&#8221;|||&#8221; theme_builder_area=&#8221;post_content&#8221;][et_pb_text admin_label=&#8221;Finanzpartner&#8221; _builder_version=&#8221;4.19.5&#8243; _module_preset=&#8221;default&#8221; border_width_bottom=&#8221;1px&#8221; border_color_bottom=&#8221;gcid-8865b06d-5625-40de-98fd-5e76479e36fc&#8221; global_colors_info=&#8221;{%22gcid-8865b06d-5625-40de-98fd-5e76479e36fc%22:%91%22border_color_bottom%22%93}&#8221; theme_builder_area=&#8221;post_content&#8221;]<\/p>\n<h2>Finanzpartner<\/h2>\n<p>[\/et_pb_text][\/et_pb_column][\/et_pb_row][et_pb_row column_structure=&#8221;2_5,3_5&#8243; _builder_version=&#8221;4.16&#8243; background_size=&#8221;initial&#8221; background_position=&#8221;top_left&#8221; background_repeat=&#8221;repeat&#8221; width=&#8221;100%&#8221; custom_padding=&#8221;2px|||||&#8221; global_colors_info=&#8221;{}&#8221; theme_builder_area=&#8221;post_content&#8221;][et_pb_column type=&#8221;2_5&#8243; _builder_version=&#8221;4.16&#8243; custom_padding=&#8221;|||&#8221; global_colors_info=&#8221;{}&#8221; custom_padding__hover=&#8221;|||&#8221; theme_builder_area=&#8221;post_content&#8221;][et_pb_image src=&#8221;https:\/\/berlin-laeuft.de\/s25berlin\/wp-content\/uploads\/sites\/2\/logo-sparkasse-berlin.png&#8221; title_text=&#8221;logo-sparkasse-berlin&#8221; url=&#8221;https:\/\/www.berliner-sparkasse.de\/&#8221; url_new_window=&#8221;on&#8221; align=&#8221;center&#8221; admin_label=&#8221;Logo&#8221; _builder_version=&#8221;4.19.4&#8243; _module_preset=&#8221;default&#8221; custom_padding=&#8221;|27px||||&#8221; global_colors_info=&#8221;{}&#8221; theme_builder_area=&#8221;post_content&#8221;][\/et_pb_image][\/et_pb_column][et_pb_column type=&#8221;3_5&#8243; _builder_version=&#8221;4.16&#8243; custom_padding=&#8221;|||&#8221; global_colors_info=&#8221;{}&#8221; custom_padding__hover=&#8221;|||&#8221; theme_builder_area=&#8221;post_content&#8221;][et_pb_text _builder_version=&#8221;4.19.5&#8243; _module_preset=&#8221;default&#8221; custom_padding=&#8221;||0px|||&#8221; global_colors_info=&#8221;{}&#8221; theme_builder_area=&#8221;post_content&#8221;]<\/p>\n<p>Seit \u00fcber 200 Jahren sind wir untrennbar mit Berlin verbunden. Neben der Beratung unserer Kunden in allen Finanzfragen steht das gesellschaftliche Engagement f\u00fcr unsere Stadt im Mittelpunkt.<\/p>\n<p>[\/et_pb_text][\/et_pb_column][\/et_pb_row][\/et_pb_section][et_pb_section fb_built=&#8221;1&#8243; admin_label=&#8221;Ausr\u00fcster | Textilien&#8221; _builder_version=&#8221;4.27.6&#8243; width=&#8221;100%&#8221; width_tablet=&#8221;&#8221; width_phone=&#8221;&#8221; width_last_edited=&#8221;on|tablet&#8221; module_alignment=&#8221;center&#8221; custom_padding=&#8221;0px||20px||false|false&#8221; collapsed=&#8221;off&#8221; global_colors_info=&#8221;{}&#8221; theme_builder_area=&#8221;post_content&#8221;][et_pb_row _builder_version=&#8221;4.16&#8243; background_size=&#8221;initial&#8221; background_position=&#8221;top_left&#8221; background_repeat=&#8221;repeat&#8221; width=&#8221;100%&#8221; custom_padding=&#8221;2px|||||&#8221; global_colors_info=&#8221;{}&#8221; theme_builder_area=&#8221;post_content&#8221;][et_pb_column type=&#8221;4_4&#8243; _builder_version=&#8221;4.16&#8243; custom_padding=&#8221;|||&#8221; global_colors_info=&#8221;{}&#8221; custom_padding__hover=&#8221;|||&#8221; theme_builder_area=&#8221;post_content&#8221;][et_pb_text admin_label=&#8221;Ausr\u00fcster | Textilien&#8221; _builder_version=&#8221;4.19.5&#8243; _module_preset=&#8221;default&#8221; border_width_bottom=&#8221;1px&#8221; border_color_bottom=&#8221;gcid-8865b06d-5625-40de-98fd-5e76479e36fc&#8221; global_colors_info=&#8221;{%22gcid-8865b06d-5625-40de-98fd-5e76479e36fc%22:%91%22border_color_bottom%22,%22border_color_bottom%22%93}&#8221; theme_builder_area=&#8221;post_content&#8221;]<\/p>\n<h2>Ausr\u00fcster | Textilien<\/h2>\n<p>[\/et_pb_text][\/et_pb_column][\/et_pb_row][et_pb_row column_structure=&#8221;2_5,3_5&#8243; admin_label=&#8221;Hoka&#8221; _builder_version=&#8221;4.16&#8243; background_size=&#8221;initial&#8221; background_position=&#8221;top_left&#8221; background_repeat=&#8221;repeat&#8221; width=&#8221;100%&#8221; custom_padding=&#8221;2px||0px|||&#8221; global_colors_info=&#8221;{}&#8221; theme_builder_area=&#8221;post_content&#8221;][et_pb_column type=&#8221;2_5&#8243; _builder_version=&#8221;4.16&#8243; custom_padding=&#8221;|||&#8221; global_colors_info=&#8221;{}&#8221; custom_padding__hover=&#8221;|||&#8221; theme_builder_area=&#8221;post_content&#8221;][et_pb_image src=&#8221;https:\/\/berlin-laeuft.de\/s25berlin\/wp-content\/uploads\/sites\/2\/design-ohne-titel-2-2.jpg&#8221; title_text=&#8221;Design ohne Titel (2)&#8221; url=&#8221;https:\/\/shop-bodycross.com\/de?srsltid=AfmBOoqKU-h9xyiDOUhF7k1mQN4SBl81pi9A6X0SsbauXnXvaKT8Ec4e&#8221; url_new_window=&#8221;on&#8221; align=&#8221;center&#8221; admin_label=&#8221;Logo&#8221; _builder_version=&#8221;4.27.4&#8243; _module_preset=&#8221;default&#8221; width=&#8221;100%&#8221; custom_margin=&#8221;|6px||||&#8221; custom_padding=&#8221;|36px|35px|||&#8221; global_colors_info=&#8221;{}&#8221; theme_builder_area=&#8221;post_content&#8221;][\/et_pb_image][\/et_pb_column][et_pb_column type=&#8221;3_5&#8243; _builder_version=&#8221;4.16&#8243; custom_padding=&#8221;|||&#8221; global_colors_info=&#8221;{}&#8221; custom_padding__hover=&#8221;|||&#8221; theme_builder_area=&#8221;post_content&#8221;][et_pb_text _builder_version=&#8221;4.19.5&#8243; _module_preset=&#8221;default&#8221; custom_padding=&#8221;||0px|||&#8221; global_colors_info=&#8221;{}&#8221; theme_builder_area=&#8221;post_content&#8221;]<\/p>\n<p><span data-olk-copy-source=\"MessageBody\">Bodycross, gegr\u00fcndet im Jahr 2014, ist eine franz\u00f6sische Marke f\u00fcr hochwertige technische Bekleidung, die dem Laufen und Trailrunning gewidmet ist. Unsere Mission: Alle L\u00e4ufer, unabh\u00e4ngig von ihrem Niveau, in ihrem Training und bei Wettk\u00e4mpfen zu unterst\u00fctzen. \u201eBeyond your limits\u201c spiegelt unseren Wunsch wider, ihnen zu helfen, ihre Grenzen zu \u00fcberwinden.<\/span><\/p>\n<p>[\/et_pb_text][et_pb_text _builder_version=&#8221;4.19.5&#8243; _module_preset=&#8221;default&#8221; link_option_url_new_window=&#8221;on&#8221; global_colors_info=&#8221;{}&#8221; theme_builder_area=&#8221;post_content&#8221;][\/et_pb_text][\/et_pb_column][\/et_pb_row][\/et_pb_section][et_pb_section fb_built=&#8221;1&#8243; admin_label=&#8221;Ausr\u00fcster | Textilien&#8221; _builder_version=&#8221;4.27.6&#8243; width=&#8221;100%&#8221; width_tablet=&#8221;&#8221; width_phone=&#8221;&#8221; width_last_edited=&#8221;on|tablet&#8221; module_alignment=&#8221;center&#8221; custom_padding=&#8221;0px||20px||false|false&#8221; collapsed=&#8221;off&#8221; global_colors_info=&#8221;{}&#8221; theme_builder_area=&#8221;post_content&#8221;][et_pb_row _builder_version=&#8221;4.16&#8243; background_size=&#8221;initial&#8221; background_position=&#8221;top_left&#8221; background_repeat=&#8221;repeat&#8221; width=&#8221;100%&#8221; custom_padding=&#8221;2px|||||&#8221; global_colors_info=&#8221;{}&#8221; theme_builder_area=&#8221;post_content&#8221;][et_pb_column type=&#8221;4_4&#8243; _builder_version=&#8221;4.16&#8243; custom_padding=&#8221;|||&#8221; global_colors_info=&#8221;{}&#8221; custom_padding__hover=&#8221;|||&#8221; theme_builder_area=&#8221;post_content&#8221;][et_pb_text admin_label=&#8221;Ausr\u00fcster | Textilien&#8221; _builder_version=&#8221;4.27.6&#8243; _module_preset=&#8221;default&#8221; border_width_bottom=&#8221;1px&#8221; border_color_bottom=&#8221;gcid-8865b06d-5625-40de-98fd-5e76479e36fc&#8221; global_colors_info=&#8221;{%22gcid-8865b06d-5625-40de-98fd-5e76479e36fc%22:%91%22border_color_bottom%22,%22border_color_bottom%22%93}&#8221; theme_builder_area=&#8221;post_content&#8221;]<\/p>\n<h2>Ausr\u00fcster | Schuhe<\/h2>\n<p>[\/et_pb_text][\/et_pb_column][\/et_pb_row][et_pb_row column_structure=&#8221;2_5,3_5&#8243; admin_label=&#8221;Hoka&#8221; _builder_version=&#8221;4.27.6&#8243; background_size=&#8221;initial&#8221; background_position=&#8221;top_left&#8221; background_repeat=&#8221;repeat&#8221; width=&#8221;100%&#8221; custom_padding=&#8221;2px||0px|||&#8221; global_colors_info=&#8221;{}&#8221; theme_builder_area=&#8221;post_content&#8221;][et_pb_column type=&#8221;2_5&#8243; _builder_version=&#8221;4.16&#8243; custom_padding=&#8221;|||&#8221; global_colors_info=&#8221;{}&#8221; custom_padding__hover=&#8221;|||&#8221; theme_builder_area=&#8221;post_content&#8221;][et_pb_image src=&#8221;https:\/\/berlin-laeuft.de\/s25berlin\/wp-content\/uploads\/sites\/2\/altrahompeage.jpg&#8221; title_text=&#8221;AltraHompeage&#8221; url=&#8221;https:\/\/shop-bodycross.com\/de?srsltid=AfmBOoqKU-h9xyiDOUhF7k1mQN4SBl81pi9A6X0SsbauXnXvaKT8Ec4e&#8221; url_new_window=&#8221;on&#8221; align=&#8221;center&#8221; admin_label=&#8221;Logo&#8221; _builder_version=&#8221;4.27.6&#8243; _module_preset=&#8221;default&#8221; width=&#8221;100%&#8221; custom_margin=&#8221;|6px||||&#8221; custom_padding=&#8221;|36px|35px|||&#8221; global_colors_info=&#8221;{}&#8221; theme_builder_area=&#8221;post_content&#8221;][\/et_pb_image][\/et_pb_column][et_pb_column type=&#8221;3_5&#8243; _builder_version=&#8221;4.16&#8243; custom_padding=&#8221;|||&#8221; global_colors_info=&#8221;{}&#8221; custom_padding__hover=&#8221;|||&#8221; theme_builder_area=&#8221;post_content&#8221;][et_pb_text _builder_version=&#8221;4.27.6&#8243; _module_preset=&#8221;default&#8221; custom_margin=&#8221;||7px|||&#8221; custom_padding=&#8221;||0px|||&#8221; global_colors_info=&#8221;{}&#8221; theme_builder_area=&#8221;post_content&#8221;]<\/p>\n<p><span data-teams=\"true\">Altra wurde im Hinterzimmer eines kleinen Laufgesch\u00e4fts in den Wasatch Mountains in Utah gegr\u00fcndet. Dabei war es von Anfang an das Ziel, innovative und funktionelle Laufschuhe zu entwickeln, die unseren K\u00f6rper dabei unterst\u00fctzen, sich nat\u00fcrlich zu bewegen. <\/p>\n<p>Besonders herauszuheben ist dabei die fu\u00dff\u00f6rmige <b>Footshape\u2122<\/b> Zehenbox, die es den Zehen erm\u00f6glicht sich zu entspannen und ihre nat\u00fcrliche Position einzunehmen, was die Stabilit\u00e4t erh\u00f6ht und einen nat\u00fcrlichen Lauf- und Bewegungsstil f\u00f6rdert.<\/span><\/p>\n<p>[\/et_pb_text][et_pb_text _builder_version=&#8221;4.19.5&#8243; _module_preset=&#8221;default&#8221; link_option_url_new_window=&#8221;on&#8221; global_colors_info=&#8221;{}&#8221; theme_builder_area=&#8221;post_content&#8221;][\/et_pb_text][\/et_pb_column][\/et_pb_row][\/et_pb_section][et_pb_section fb_built=&#8221;1&#8243; admin_label=&#8221;Ausr\u00fcster | Textilien&#8221; _builder_version=&#8221;4.27.6&#8243; width=&#8221;100%&#8221; width_tablet=&#8221;&#8221; width_phone=&#8221;&#8221; width_last_edited=&#8221;on|tablet&#8221; module_alignment=&#8221;center&#8221; custom_padding=&#8221;0px||20px||false|false&#8221; collapsed=&#8221;off&#8221; global_colors_info=&#8221;{}&#8221; theme_builder_area=&#8221;post_content&#8221;][et_pb_row _builder_version=&#8221;4.16&#8243; background_size=&#8221;initial&#8221; background_position=&#8221;top_left&#8221; background_repeat=&#8221;repeat&#8221; width=&#8221;100%&#8221; custom_padding=&#8221;2px|||||&#8221; global_colors_info=&#8221;{}&#8221; theme_builder_area=&#8221;post_content&#8221;][et_pb_column type=&#8221;4_4&#8243; _builder_version=&#8221;4.16&#8243; custom_padding=&#8221;|||&#8221; global_colors_info=&#8221;{}&#8221; custom_padding__hover=&#8221;|||&#8221; theme_builder_area=&#8221;post_content&#8221;][et_pb_text admin_label=&#8221;Ausr\u00fcster | Textilien&#8221; _builder_version=&#8221;4.27.6&#8243; _module_preset=&#8221;default&#8221; border_width_bottom=&#8221;1px&#8221; border_color_bottom=&#8221;gcid-8865b06d-5625-40de-98fd-5e76479e36fc&#8221; global_colors_info=&#8221;{%22gcid-8865b06d-5625-40de-98fd-5e76479e36fc%22:%91%22border_color_bottom%22,%22border_color_bottom%22%93}&#8221; theme_builder_area=&#8221;post_content&#8221;]<\/p>\n<h2>Ausr\u00fcster<\/h2>\n<p>[\/et_pb_text][\/et_pb_column][\/et_pb_row][et_pb_row column_structure=&#8221;2_5,3_5&#8243; admin_label=&#8221;Hoka&#8221; _builder_version=&#8221;4.16&#8243; background_size=&#8221;initial&#8221; background_position=&#8221;top_left&#8221; background_repeat=&#8221;repeat&#8221; width=&#8221;100%&#8221; custom_padding=&#8221;2px||0px|||&#8221; global_colors_info=&#8221;{}&#8221; theme_builder_area=&#8221;post_content&#8221;][et_pb_column type=&#8221;2_5&#8243; _builder_version=&#8221;4.16&#8243; custom_padding=&#8221;|||&#8221; global_colors_info=&#8221;{}&#8221; custom_padding__hover=&#8221;|||&#8221; theme_builder_area=&#8221;post_content&#8221;][et_pb_image src=&#8221;https:\/\/berlin-laeuft.de\/s25berlin\/wp-content\/uploads\/sites\/2\/logohompagedecathlon.png&#8221; title_text=&#8221;LogoHompageDecathlon&#8221; url=&#8221;https:\/\/www.decathlon.de\/&#8221; url_new_window=&#8221;on&#8221; align=&#8221;center&#8221; admin_label=&#8221;Logo&#8221; _builder_version=&#8221;4.27.6&#8243; _module_preset=&#8221;default&#8221; width=&#8221;100%&#8221; custom_margin=&#8221;|6px||||&#8221; custom_padding=&#8221;|36px|35px|||&#8221; global_colors_info=&#8221;{}&#8221; theme_builder_area=&#8221;post_content&#8221;][\/et_pb_image][\/et_pb_column][et_pb_column type=&#8221;3_5&#8243; _builder_version=&#8221;4.16&#8243; custom_padding=&#8221;|||&#8221; global_colors_info=&#8221;{}&#8221; custom_padding__hover=&#8221;|||&#8221; theme_builder_area=&#8221;post_content&#8221;][et_pb_text _builder_version=&#8221;4.27.6&#8243; _module_preset=&#8221;default&#8221; custom_padding=&#8221;||0px|||&#8221; global_colors_info=&#8221;{}&#8221; theme_builder_area=&#8221;post_content&#8221;]<\/p>\n<p><span>Wir lieben und leben Sport \u00fcber alles. Und freuen uns, wenn wir dir dabei zur Seite stehen k\u00f6nnen. F\u00fcr uns bist du keine Kund:in, sondern Sportler:in \u2013 genau wie wir. Diese Leidenschaft stecken wir von der ersten Idee \u00fcber die Entwicklung, Konzeption und Logistik in unsere Produktion. Erfahre mehr \u00fcber unseren Teamspirit und erhalte spannende Einblicke in unsere Produktion.<\/span><\/p>\n<p>[\/et_pb_text][et_pb_text _builder_version=&#8221;4.19.5&#8243; _module_preset=&#8221;default&#8221; link_option_url_new_window=&#8221;on&#8221; global_colors_info=&#8221;{}&#8221; theme_builder_area=&#8221;post_content&#8221;][\/et_pb_text][\/et_pb_column][\/et_pb_row][\/et_pb_section][et_pb_section fb_built=&#8221;1&#8243; admin_label=&#8221;Lichtenauer&#8221; _builder_version=&#8221;4.19.4&#8243; width=&#8221;100%&#8221; width_tablet=&#8221;100%&#8221; width_phone=&#8221;&#8221; width_last_edited=&#8221;on|tablet&#8221; module_alignment=&#8221;center&#8221; custom_padding=&#8221;0px||20px||false|false&#8221; global_colors_info=&#8221;{}&#8221; theme_builder_area=&#8221;post_content&#8221;][et_pb_row _builder_version=&#8221;4.16&#8243; background_size=&#8221;initial&#8221; background_position=&#8221;top_left&#8221; background_repeat=&#8221;repeat&#8221; width=&#8221;100%&#8221; custom_padding=&#8221;2px|||||&#8221; global_colors_info=&#8221;{}&#8221; theme_builder_area=&#8221;post_content&#8221;][et_pb_column type=&#8221;4_4&#8243; _builder_version=&#8221;4.16&#8243; custom_padding=&#8221;|||&#8221; global_colors_info=&#8221;{}&#8221; custom_padding__hover=&#8221;|||&#8221; theme_builder_area=&#8221;post_content&#8221;][et_pb_text admin_label=&#8221;Getr\u00e4nkepartner&#8221; _builder_version=&#8221;4.26.1&#8243; _module_preset=&#8221;default&#8221; border_width_bottom=&#8221;1px&#8221; border_color_bottom=&#8221;gcid-8865b06d-5625-40de-98fd-5e76479e36fc&#8221; global_colors_info=&#8221;{%22gcid-8865b06d-5625-40de-98fd-5e76479e36fc%22:%91%22border_color_bottom%22%93}&#8221; theme_builder_area=&#8221;post_content&#8221;]<\/p>\n<h2>Bierpartner<\/h2>\n<p>[\/et_pb_text][\/et_pb_column][\/et_pb_row][et_pb_row column_structure=&#8221;2_5,3_5&#8243; _builder_version=&#8221;4.16&#8243; background_size=&#8221;initial&#8221; background_position=&#8221;top_left&#8221; background_repeat=&#8221;repeat&#8221; width=&#8221;100%&#8221; custom_padding=&#8221;2px|||||&#8221; global_colors_info=&#8221;{}&#8221; theme_builder_area=&#8221;post_content&#8221;][et_pb_column type=&#8221;2_5&#8243; _builder_version=&#8221;4.16&#8243; custom_padding=&#8221;|||&#8221; global_colors_info=&#8221;{}&#8221; custom_padding__hover=&#8221;|||&#8221; theme_builder_area=&#8221;post_content&#8221;][et_pb_image src=&#8221;https:\/\/berlin-laeuft.de\/s25berlin\/wp-content\/uploads\/sites\/2\/design-ohne-titel-6.jpg&#8221; title_text=&#8221;Design ohne Titel (6)&#8221; url=&#8221;https:\/\/www.berliner-pilsner.de\/&#8221; url_new_window=&#8221;on&#8221; align=&#8221;center&#8221; admin_label=&#8221;Logo&#8221; _builder_version=&#8221;4.26.1&#8243; _module_preset=&#8221;default&#8221; width=&#8221;96.9%&#8221; custom_padding=&#8221;|37px||||&#8221; global_colors_info=&#8221;{}&#8221; theme_builder_area=&#8221;post_content&#8221;][\/et_pb_image][\/et_pb_column][et_pb_column type=&#8221;3_5&#8243; _builder_version=&#8221;4.16&#8243; custom_padding=&#8221;|||&#8221; global_colors_info=&#8221;{}&#8221; custom_padding__hover=&#8221;|||&#8221; theme_builder_area=&#8221;post_content&#8221;][et_pb_text _builder_version=&#8221;4.26.0&#8243; _module_preset=&#8221;default&#8221; global_colors_info=&#8221;{}&#8221; theme_builder_area=&#8221;post_content&#8221;]<\/p>\n<p><span>Sowas von\u00a0<\/span><a href=\"https:\/\/www.berliner-pilsner.de\/\" target=\"_blank\" rel=\"noopener\">BERLINER<\/a><span>!<\/span><br \/><span>Keine Stadt zeigt so viele Gesichter wie Berlin. Keine Stadt ist so stetig im Aufbruch, Umbruch und Wandel wie die Hauptstadt. Und kein Bier geh\u00f6rt mehr zu ihren Menschen als BERLINER- ob Berliner Pilsner, Berliner Radler Naturtr\u00fcb oder Berliner Pranke.<\/span><br \/><span>Ein Bier wie wir Berliner!<\/span><\/p>\n<p>[\/et_pb_text][\/et_pb_column][\/et_pb_row][\/et_pb_section][et_pb_section fb_built=&#8221;1&#8243; admin_label=&#8221;RTL Audiohaus&#8221; _builder_version=&#8221;4.19.4&#8243; width=&#8221;100%&#8221; width_tablet=&#8221;100%&#8221; width_phone=&#8221;&#8221; width_last_edited=&#8221;on|tablet&#8221; module_alignment=&#8221;center&#8221; custom_padding=&#8221;0px||20px||false|false&#8221; global_colors_info=&#8221;{}&#8221; theme_builder_area=&#8221;post_content&#8221;][et_pb_row _builder_version=&#8221;4.16&#8243; background_size=&#8221;initial&#8221; background_position=&#8221;top_left&#8221; background_repeat=&#8221;repeat&#8221; width=&#8221;100%&#8221; custom_padding=&#8221;2px|||||&#8221; global_colors_info=&#8221;{}&#8221; theme_builder_area=&#8221;post_content&#8221;][et_pb_column type=&#8221;4_4&#8243; _builder_version=&#8221;4.16&#8243; custom_padding=&#8221;|||&#8221; global_colors_info=&#8221;{}&#8221; custom_padding__hover=&#8221;|||&#8221; theme_builder_area=&#8221;post_content&#8221;][et_pb_text admin_label=&#8221;Medienpartner | Radio &#8221; _builder_version=&#8221;4.16&#8243; _module_preset=&#8221;default&#8221; border_width_bottom=&#8221;1px&#8221; border_color_bottom=&#8221;gcid-8865b06d-5625-40de-98fd-5e76479e36fc&#8221; global_colors_info=&#8221;{%22gcid-8865b06d-5625-40de-98fd-5e76479e36fc%22:%91%22border_color_bottom%22%93}&#8221; theme_builder_area=&#8221;post_content&#8221;]<\/p>\n<h2>Medienpartner | Radio<\/h2>\n<p>[\/et_pb_text][\/et_pb_column][\/et_pb_row][et_pb_row column_structure=&#8221;2_5,3_5&#8243; _builder_version=&#8221;4.16&#8243; background_size=&#8221;initial&#8221; background_position=&#8221;top_left&#8221; background_repeat=&#8221;repeat&#8221; width=&#8221;100%&#8221; custom_padding=&#8221;6px|||||&#8221; global_colors_info=&#8221;{}&#8221; theme_builder_area=&#8221;post_content&#8221;][et_pb_column type=&#8221;2_5&#8243; _builder_version=&#8221;4.16&#8243; custom_padding=&#8221;|||&#8221; global_colors_info=&#8221;{}&#8221; custom_padding__hover=&#8221;|||&#8221; theme_builder_area=&#8221;post_content&#8221;][et_pb_image src=&#8221;https:\/\/berlin-laeuft.de\/s25berlin\/wp-content\/uploads\/sites\/2\/logo-spreeradio-2024.png&#8221; title_text=&#8221;Logo-Spreeradio-2024&#8243; url=&#8221;https:\/\/www.spreeradio.de\/&#8221; url_new_window=&#8221;on&#8221; align=&#8221;center&#8221; _builder_version=&#8221;4.26.0&#8243; _module_preset=&#8221;default&#8221; width=&#8221;86.5%&#8221; width_tablet=&#8221;&#8221; width_phone=&#8221;70%&#8221; width_last_edited=&#8221;on|phone&#8221; custom_margin=&#8221;|55px||||&#8221; custom_padding=&#8221;|33px||||&#8221; global_colors_info=&#8221;{}&#8221; theme_builder_area=&#8221;post_content&#8221;][\/et_pb_image][\/et_pb_column][et_pb_column type=&#8221;3_5&#8243; _builder_version=&#8221;4.16&#8243; custom_padding=&#8221;|||&#8221; global_colors_info=&#8221;{}&#8221; custom_padding__hover=&#8221;|||&#8221; theme_builder_area=&#8221;post_content&#8221;][et_pb_text _builder_version=&#8221;4.26.0&#8243; _module_preset=&#8221;default&#8221; link_option_url=&#8221;https:\/\/www.spreeradio.de\/&#8221; link_option_url_new_window=&#8221;on&#8221; global_colors_info=&#8221;{}&#8221; theme_builder_area=&#8221;post_content&#8221;]<\/p>\n<p><a href=\"https:\/\/www.spreeradio.de\/\" target=\"_blank\" rel=\"noopener\">105\u20185 Spreeradio<\/a> bringt Sie gut gelaunt und besser informiert in den Tag und spielt die meiste Abwechslung mit den besten Songs von den 80ern bis heute.<\/p>\n<p>[\/et_pb_text][\/et_pb_column][\/et_pb_row][\/et_pb_section][et_pb_section fb_built=&#8221;1&#8243; admin_label=&#8221;Morgenpost&#8221; _builder_version=&#8221;4.19.4&#8243; width=&#8221;100%&#8221; width_tablet=&#8221;100%&#8221; width_phone=&#8221;&#8221; width_last_edited=&#8221;on|tablet&#8221; module_alignment=&#8221;center&#8221; custom_padding=&#8221;0px||20px||false|false&#8221; global_colors_info=&#8221;{}&#8221; theme_builder_area=&#8221;post_content&#8221;][et_pb_row _builder_version=&#8221;4.16&#8243; background_size=&#8221;initial&#8221; background_position=&#8221;top_left&#8221; background_repeat=&#8221;repeat&#8221; width=&#8221;100%&#8221; custom_padding=&#8221;2px|||||&#8221; global_colors_info=&#8221;{}&#8221; theme_builder_area=&#8221;post_content&#8221;][et_pb_column type=&#8221;4_4&#8243; _builder_version=&#8221;4.16&#8243; custom_padding=&#8221;|||&#8221; global_colors_info=&#8221;{}&#8221; custom_padding__hover=&#8221;|||&#8221; theme_builder_area=&#8221;post_content&#8221;][et_pb_text admin_label=&#8221;Medienpartner | Print &#8221; _builder_version=&#8221;4.16&#8243; _module_preset=&#8221;default&#8221; border_width_bottom=&#8221;1px&#8221; border_color_bottom=&#8221;gcid-8865b06d-5625-40de-98fd-5e76479e36fc&#8221; global_colors_info=&#8221;{%22gcid-8865b06d-5625-40de-98fd-5e76479e36fc%22:%91%22border_color_bottom%22%93}&#8221; theme_builder_area=&#8221;post_content&#8221;]<\/p>\n<h2>Medienpartner | Print<\/h2>\n<p>[\/et_pb_text][\/et_pb_column][\/et_pb_row][et_pb_row column_structure=&#8221;2_5,3_5&#8243; _builder_version=&#8221;4.16&#8243; background_size=&#8221;initial&#8221; background_position=&#8221;top_left&#8221; background_repeat=&#8221;repeat&#8221; width=&#8221;100%&#8221; custom_padding=&#8221;2px|||||&#8221; global_colors_info=&#8221;{}&#8221; theme_builder_area=&#8221;post_content&#8221;][et_pb_column type=&#8221;2_5&#8243; _builder_version=&#8221;4.16&#8243; custom_padding=&#8221;|||&#8221; global_colors_info=&#8221;{}&#8221; custom_padding__hover=&#8221;|||&#8221; theme_builder_area=&#8221;post_content&#8221;][et_pb_image src=&#8221;https:\/\/berlin-laeuft.de\/s25berlin\/wp-content\/uploads\/sites\/2\/logohompage-2.png&#8221; title_text=&#8221;Logo-Berliner Morgenpost&#8221; url=&#8221;https:\/\/www.morgenpost.de\/&#8221; url_new_window=&#8221;on&#8221; align=&#8221;center&#8221; admin_label=&#8221;Logo&#8221; _builder_version=&#8221;4.27.4&#8243; _module_preset=&#8221;default&#8221; custom_padding=&#8221;|62px||||&#8221; global_colors_info=&#8221;{}&#8221; theme_builder_area=&#8221;post_content&#8221;][\/et_pb_image][\/et_pb_column][et_pb_column type=&#8221;3_5&#8243; _builder_version=&#8221;4.16&#8243; custom_padding=&#8221;|||&#8221; global_colors_info=&#8221;{}&#8221; custom_padding__hover=&#8221;|||&#8221; theme_builder_area=&#8221;post_content&#8221;][et_pb_text _builder_version=&#8221;4.26.0&#8243; _module_preset=&#8221;default&#8221; global_colors_info=&#8221;{}&#8221; theme_builder_area=&#8221;post_content&#8221;]<\/p>\n<p>Die<a href=\"https:\/\/www.morgenpost.de\/\" target=\"_blank\" rel=\"noopener\"> Berliner Morgenpost <\/a>ist eine echte Berlinerin mit langer Tradition: T\u00e4glich berichtet sie \u00fcber Nachrichten aus Berlin, Deutschland und der Welt. Mit regionaler Kompetenz und lokaler Tiefe ist sie ein unverzichtbarer Wegweiser durch die Hauptstadt.<\/p>\n<p>[\/et_pb_text][\/et_pb_column][\/et_pb_row][et_pb_row _builder_version=&#8221;4.16&#8243; background_size=&#8221;initial&#8221; background_position=&#8221;top_left&#8221; background_repeat=&#8221;repeat&#8221; width=&#8221;100%&#8221; custom_padding=&#8221;2px|||||&#8221; global_colors_info=&#8221;{}&#8221; theme_builder_area=&#8221;post_content&#8221;][et_pb_column type=&#8221;4_4&#8243; _builder_version=&#8221;4.16&#8243; custom_padding=&#8221;|||&#8221; global_colors_info=&#8221;{}&#8221; custom_padding__hover=&#8221;|||&#8221; theme_builder_area=&#8221;post_content&#8221;][et_pb_text admin_label=&#8221;Medienpartner | Print &#8221; _builder_version=&#8221;4.16&#8243; _module_preset=&#8221;default&#8221; border_width_bottom=&#8221;1px&#8221; border_color_bottom=&#8221;gcid-8865b06d-5625-40de-98fd-5e76479e36fc&#8221; global_colors_info=&#8221;{%22gcid-8865b06d-5625-40de-98fd-5e76479e36fc%22:%91%22border_color_bottom%22%93}&#8221; theme_builder_area=&#8221;post_content&#8221;]<\/p>\n<h2>Fotopartner<\/h2>\n<p>[\/et_pb_text][\/et_pb_column][\/et_pb_row][et_pb_row column_structure=&#8221;2_5,3_5&#8243; _builder_version=&#8221;4.16&#8243; background_size=&#8221;initial&#8221; background_position=&#8221;top_left&#8221; background_repeat=&#8221;repeat&#8221; width=&#8221;100%&#8221; custom_padding=&#8221;2px|||||&#8221; global_colors_info=&#8221;{}&#8221; theme_builder_area=&#8221;post_content&#8221;][et_pb_column type=&#8221;2_5&#8243; _builder_version=&#8221;4.16&#8243; custom_padding=&#8221;|||&#8221; global_colors_info=&#8221;{}&#8221; custom_padding__hover=&#8221;|||&#8221; theme_builder_area=&#8221;post_content&#8221;][et_pb_image src=&#8221;https:\/\/berlin-laeuft.de\/s25berlin\/wp-content\/uploads\/sites\/2\/design-ohne-titel-2-1.jpg&#8221; title_text=&#8221;Design ohne Titel (2)&#8221; url=&#8221;https:\/\/www.sportograf.com\/&#8221; url_new_window=&#8221;on&#8221; align=&#8221;center&#8221; admin_label=&#8221;Logo&#8221; _builder_version=&#8221;4.26.0&#8243; _module_preset=&#8221;default&#8221; custom_padding=&#8221;|62px||||&#8221; global_colors_info=&#8221;{}&#8221; theme_builder_area=&#8221;post_content&#8221;][\/et_pb_image][\/et_pb_column][et_pb_column type=&#8221;3_5&#8243; _builder_version=&#8221;4.16&#8243; custom_padding=&#8221;|||&#8221; global_colors_info=&#8221;{}&#8221; custom_padding__hover=&#8221;|||&#8221; theme_builder_area=&#8221;post_content&#8221;][et_pb_text _builder_version=&#8221;4.26.0&#8243; _module_preset=&#8221;default&#8221; global_colors_info=&#8221;{}&#8221; theme_builder_area=&#8221;post_content&#8221;]<\/p>\n<p><span>Die Sportografen werden bei jedem Lauf auf der Strecke sein, um die sch\u00f6nsten Momente festzuhalten. Das Sportograf-Fotopaket f\u00fcr 23,00 \u20ac kann bei der Anmeldung oder \u00fcber den Online-Shop erworben werden. Mit dem Fotopaket erh\u00e4lt der\/die K\u00e4ufer*in alle Fotos, die w\u00e4hrend des Laufs aufgenommen wurden.\u00a0<\/span><br \/><span>Es k\u00f6nnen auch einzelne Bilder nachtr\u00e4glich gekauft werden.\u00a0<\/span><\/p>\n<p>[\/et_pb_text][\/et_pb_column][\/et_pb_row][\/et_pb_section][et_pb_section fb_built=&#8221;1&#8243; admin_label=&#8221;Plan&#8221; _builder_version=&#8221;4.19.4&#8243; width=&#8221;100%&#8221; width_tablet=&#8221;100%&#8221; width_phone=&#8221;&#8221; width_last_edited=&#8221;on|tablet&#8221; module_alignment=&#8221;center&#8221; custom_padding=&#8221;0px||20px||false|false&#8221; global_colors_info=&#8221;{}&#8221; theme_builder_area=&#8221;post_content&#8221;][et_pb_row _builder_version=&#8221;4.16&#8243; background_size=&#8221;initial&#8221; background_position=&#8221;top_left&#8221; background_repeat=&#8221;repeat&#8221; width=&#8221;100%&#8221; custom_padding=&#8221;2px|||||&#8221; global_colors_info=&#8221;{}&#8221; theme_builder_area=&#8221;post_content&#8221;][et_pb_column type=&#8221;4_4&#8243; _builder_version=&#8221;4.16&#8243; custom_padding=&#8221;|||&#8221; global_colors_info=&#8221;{}&#8221; custom_padding__hover=&#8221;|||&#8221; theme_builder_area=&#8221;post_content&#8221;][et_pb_text admin_label=&#8221;Charity Partner&#8221; _builder_version=&#8221;4.16&#8243; _module_preset=&#8221;default&#8221; border_width_bottom=&#8221;1px&#8221; border_color_bottom=&#8221;gcid-8865b06d-5625-40de-98fd-5e76479e36fc&#8221; global_colors_info=&#8221;{%22gcid-8865b06d-5625-40de-98fd-5e76479e36fc%22:%91%22border_color_bottom%22%93}&#8221; theme_builder_area=&#8221;post_content&#8221;]<\/p>\n<h2>Charity Partner<\/h2>\n<p>[\/et_pb_text][\/et_pb_column][\/et_pb_row][et_pb_row column_structure=&#8221;2_5,3_5&#8243; _builder_version=&#8221;4.16&#8243; background_size=&#8221;initial&#8221; background_position=&#8221;top_left&#8221; background_repeat=&#8221;repeat&#8221; width=&#8221;100%&#8221; custom_padding=&#8221;2px|||||&#8221; global_colors_info=&#8221;{}&#8221; theme_builder_area=&#8221;post_content&#8221;][et_pb_column type=&#8221;2_5&#8243; _builder_version=&#8221;4.16&#8243; custom_padding=&#8221;|||&#8221; global_colors_info=&#8221;{}&#8221; custom_padding__hover=&#8221;|||&#8221; theme_builder_area=&#8221;post_content&#8221;][et_pb_image src=&#8221;https:\/\/berlin-laeuft.de\/s25berlin\/wp-content\/uploads\/sites\/2\/logo-plan-2024.png&#8221; url=&#8221;https:\/\/www.plan.de\/&#8221; url_new_window=&#8221;on&#8221; align=&#8221;center&#8221; admin_label=&#8221;Logo&#8221; _builder_version=&#8221;4.26.0&#8243; _module_preset=&#8221;default&#8221; custom_padding=&#8221;|54px||||&#8221; global_colors_info=&#8221;{}&#8221; theme_builder_area=&#8221;post_content&#8221;][\/et_pb_image][\/et_pb_column][et_pb_column type=&#8221;3_5&#8243; _builder_version=&#8221;4.16&#8243; custom_padding=&#8221;|||&#8221; global_colors_info=&#8221;{}&#8221; custom_padding__hover=&#8221;|||&#8221; theme_builder_area=&#8221;post_content&#8221;][et_pb_text _builder_version=&#8221;4.26.0&#8243; _module_preset=&#8221;default&#8221; global_colors_info=&#8221;{}&#8221; theme_builder_area=&#8221;post_content&#8221;]<\/p>\n<p><a href=\"https:\/\/www.plan.de\/\" target=\"_blank\" rel=\"noopener\">Plan International<\/a> ist eine unabh\u00e4ngige Hilfsorganisation, die sich in mehr als 50 L\u00e4ndern weltweit daf\u00fcr stark macht, dass die Rechte der Kinder geachtet werden, sie sich frei entwickeln und gesund aufwachsen k\u00f6nnen und M\u00e4dchen gleichberechtigt sind, um ihre Zukunft aktiv und selbstbestimmt zu gestalten.<\/p>\n<p>[\/et_pb_text][\/et_pb_column][\/et_pb_row][\/et_pb_section][et_pb_section fb_built=&#8221;1&#8243; admin_label=&#8221;Plan&#8221; _builder_version=&#8221;4.27.6&#8243; width=&#8221;100%&#8221; width_tablet=&#8221;100%&#8221; width_phone=&#8221;&#8221; width_last_edited=&#8221;on|tablet&#8221; module_alignment=&#8221;center&#8221; custom_padding=&#8221;0px||20px||false|false&#8221; global_colors_info=&#8221;{}&#8221; theme_builder_area=&#8221;post_content&#8221;][et_pb_row _builder_version=&#8221;4.16&#8243; background_size=&#8221;initial&#8221; background_position=&#8221;top_left&#8221; background_repeat=&#8221;repeat&#8221; width=&#8221;100%&#8221; custom_padding=&#8221;2px|||||&#8221; global_colors_info=&#8221;{}&#8221; theme_builder_area=&#8221;post_content&#8221;][et_pb_column type=&#8221;4_4&#8243; _builder_version=&#8221;4.16&#8243; custom_padding=&#8221;|||&#8221; global_colors_info=&#8221;{}&#8221; custom_padding__hover=&#8221;|||&#8221; theme_builder_area=&#8221;post_content&#8221;][et_pb_text admin_label=&#8221;Charity Partner&#8221; _builder_version=&#8221;4.16&#8243; _module_preset=&#8221;default&#8221; border_width_bottom=&#8221;1px&#8221; border_color_bottom=&#8221;gcid-8865b06d-5625-40de-98fd-5e76479e36fc&#8221; global_colors_info=&#8221;{%22gcid-8865b06d-5625-40de-98fd-5e76479e36fc%22:%91%22border_color_bottom%22%93}&#8221; theme_builder_area=&#8221;post_content&#8221;]<\/p>\n<h2>Partner<\/h2>\n<p>[\/et_pb_text][\/et_pb_column][\/et_pb_row][et_pb_row column_structure=&#8221;2_5,3_5&#8243; _builder_version=&#8221;4.16&#8243; background_size=&#8221;initial&#8221; background_position=&#8221;top_left&#8221; background_repeat=&#8221;repeat&#8221; width=&#8221;100%&#8221; custom_padding=&#8221;2px|||||&#8221; global_colors_info=&#8221;{}&#8221; theme_builder_area=&#8221;post_content&#8221;][et_pb_column type=&#8221;2_5&#8243; _builder_version=&#8221;4.16&#8243; custom_padding=&#8221;|||&#8221; global_colors_info=&#8221;{}&#8221; custom_padding__hover=&#8221;|||&#8221; theme_builder_area=&#8221;post_content&#8221;][et_pb_image src=&#8221;https:\/\/berlin-laeuft.de\/s25berlin\/wp-content\/uploads\/sites\/2\/matchwinners.jpg&#8221; url=&#8221;https:\/\/www.matchwinners.com\/&#8221; url_new_window=&#8221;on&#8221; align=&#8221;center&#8221; admin_label=&#8221;Logo&#8221; _builder_version=&#8221;4.27.6&#8243; _module_preset=&#8221;default&#8221; custom_padding=&#8221;|54px||||&#8221; hover_enabled=&#8221;0&#8243; global_colors_info=&#8221;{}&#8221; theme_builder_area=&#8221;post_content&#8221; title_text=&#8221;MatchWinners&#8221; sticky_enabled=&#8221;0&#8243;][\/et_pb_image][\/et_pb_column][et_pb_column type=&#8221;3_5&#8243; _builder_version=&#8221;4.16&#8243; custom_padding=&#8221;|||&#8221; global_colors_info=&#8221;{}&#8221; custom_padding__hover=&#8221;|||&#8221; theme_builder_area=&#8221;post_content&#8221;][et_pb_text _builder_version=&#8221;4.27.6&#8243; _module_preset=&#8221;default&#8221; hover_enabled=&#8221;0&#8243; global_colors_info=&#8221;{}&#8221; theme_builder_area=&#8221;post_content&#8221; sticky_enabled=&#8221;0&#8243;]<\/p>\n<p><a href=\"https:\/\/www.matchwinners.com\/\" target=\"_blank\" rel=\"noopener\">Matchwinners<\/a> ist ein Full-Service-Anbieter f\u00fcr LED-Werbetechnik und\u00a0Sportvermarktung\u00a0mit besonderem Fokus auf Vereine und Verb\u00e4nde. Von der Beratung und Projektplanung \u00fcber Betrieb und Content-Produktion bis hin zur Vermarktung bieten wir alle Leistungen aus einer Hand. Unsere LED-Banden und Screens sind in zahlreichen Stadien in Deutschland im permanenten Einsatz und k\u00f6nnen auch f\u00fcr tempor\u00e4re Events gebucht werden. Dar\u00fcber hinaus bieten wir Unternehmen aufmerksamkeitsstarke Werbung auf unseren Werbefl\u00e4chen.<\/p>\n<p><a href=\"https:\/\/www.plan.de\/\" target=\"_blank\" rel=\"noopener\"><\/a>.<\/p>\n<p>[\/et_pb_text][\/et_pb_column][\/et_pb_row][\/et_pb_section]<\/p>\n","protected":false},"excerpt":{"rendered":"<p>FinanzpartnerSeit \u00fcber 200 Jahren sind wir untrennbar mit Berlin verbunden. Neben der Beratung unserer Kunden in allen Finanzfragen steht das gesellschaftliche Engagement f\u00fcr unsere Stadt im Mittelpunkt.Ausr\u00fcster | TextilienBodycross, gegr\u00fcndet im Jahr 2014, ist eine franz\u00f6sische Marke f\u00fcr hochwertige technische Bekleidung, die dem Laufen und Trailrunning gewidmet ist. Unsere Mission: Alle L\u00e4ufer, unabh\u00e4ngig von ihrem [&hellip;]<\/p>\n","protected":false},"author":1,"featured_media":0,"parent":0,"menu_order":0,"comment_status":"closed","ping_status":"closed","template":"","meta":{"_et_pb_use_builder":"on","_et_pb_old_content":"[et_pb_section fb_built=\"1\" _builder_version=\"4.19.4\" _module_preset=\"default\" width=\"100%\" custom_padding=\"0px|||||\" global_colors_info=\"{}\" theme_builder_area=\"et_body_layout\"][et_pb_row _builder_version=\"4.19.4\" _module_preset=\"default\" width=\"100%\" global_colors_info=\"{}\" theme_builder_area=\"et_body_layout\"][et_pb_column type=\"4_4\" _builder_version=\"4.19.4\" _module_preset=\"default\" global_colors_info=\"{}\" theme_builder_area=\"et_body_layout\"][et_pb_blurb title=\"Preisstaffelung\" use_icon=\"on\" font_icon=\"&#xf153;||fa||900\" icon_placement=\"left\" image_icon_width=\"30px\" content_max_width=\"100%\" _builder_version=\"4.19.5\" _module_preset=\"default\" header_level=\"h2\" header_text_align=\"left\" header_text_color=\"gcid-8865b06d-5625-40de-98fd-5e76479e36fc\" custom_padding=\"||5px|0px|false|false\" animation=\"off\" border_width_bottom=\"1px\" border_color_bottom=\"gcid-8865b06d-5625-40de-98fd-5e76479e36fc\" saved_tabs=\"all\" global_colors_info=\"{%22gcid-8865b06d-5625-40de-98fd-5e76479e36fc%22:%91%22icon_color%22,%22border_color_bottom%22,%22header_text_color%22%93}\" theme_builder_area=\"et_body_layout\"][\/et_pb_blurb][et_pb_text _builder_version=\"4.19.5\" _module_preset=\"default\" global_colors_info=\"{}\" theme_builder_area=\"et_body_layout\"]<table style=\"border-collapse: collapse; width: 100%; height: 168px;\" border=\"1\">\n<tbody>\n<tr>\n<th>Startgeb\u00fchr<\/th>\n<th>&nbsp;10 km<\/th>\n<th>Halb-marathon<\/th>\n<th>25 km<\/th>\n<th>5\u00d75 km Staffel<\/th>\n<\/tr>\n<tr>\n<td style=\"width: 20%; height: 24px;\">bis 30.11.2022:<\/td>\n<td style=\"width: 20%; height: 24px;\">28,00 \u20ac<\/td>\n<td style=\"width: 20%; height: 24px;\">44,00 \u20ac<\/td>\n<td style=\"width: 20%; height: 24px;\">50,00 \u20ac<\/td>\n<td style=\"width: 20%; height: 24px;\">90,00 \u20ac<\/td>\n<\/tr>\n<tr>\n<td style=\"width: 20%; height: 24px;\">bis 28.02.2023:<\/td>\n<td style=\"width: 20%; height: 24px;\">33,00 \u20ac<\/td>\n<td style=\"width: 20%; height: 24px;\">49,00 \u20ac<\/td>\n<td style=\"width: 20%; height: 24px;\">55,00 \u20ac<\/td>\n<td style=\"width: 20%; height: 24px;\">100,00&nbsp; \u20ac<\/td>\n<\/tr>\n<tr>\n<td style=\"width: 20%; height: 24px;\">bis 30.04.2023:<\/td>\n<td style=\"width: 20%; height: 24px;\">38,00 \u20ac<\/td>\n<td style=\"width: 20%; height: 24px;\">54,00 \u20ac<\/td>\n<td style=\"width: 20%; height: 24px;\">60,00 \u20ac<\/td>\n<td style=\"width: 20%; height: 24px;\">110,00 \u20ac<\/td>\n<\/tr>\n<tr>\n<td style=\"width: 20%; height: 24px;\">Nachmeldung ab 1.05.2023:<\/td>\n<td style=\"width: 20%; height: 24px;\">43,00 \u20ac<\/td>\n<td style=\"width: 20%; height: 24px;\">59,00 \u20ac<\/td>\n<td style=\"width: 20%; height: 24px;\">65,00 \u20ac<\/td>\n<td style=\"width: 20%; height: 24px;\">130,00 \u20ac<\/td>\n<\/tr>\n<\/tbody>\n<\/table>[\/et_pb_text][\/et_pb_column][\/et_pb_row][et_pb_row _builder_version=\"4.19.4\" _module_preset=\"default\" width=\"100%\" global_colors_info=\"{}\" theme_builder_area=\"et_body_layout\"][et_pb_column type=\"4_4\" _builder_version=\"4.19.4\" _module_preset=\"default\" global_colors_info=\"{}\" theme_builder_area=\"et_body_layout\"][et_pb_blurb title=\"2 km Kinderlauf \u2013 Jahrgang 2018 bis 2010:\" use_icon=\"on\" font_icon=\"&#xf1ae;||fa||900\" icon_placement=\"left\" image_icon_width=\"30px\" content_max_width=\"100%\" _builder_version=\"4.19.5\" _module_preset=\"default\" header_level=\"h2\" header_text_align=\"left\" header_text_color=\"gcid-8865b06d-5625-40de-98fd-5e76479e36fc\" custom_padding=\"||5px|0px|false|false\" animation=\"off\" border_width_bottom=\"1px\" border_color_bottom=\"gcid-8865b06d-5625-40de-98fd-5e76479e36fc\" saved_tabs=\"all\" global_colors_info=\"{%22gcid-8865b06d-5625-40de-98fd-5e76479e36fc%22:%91%22icon_color%22,%22border_color_bottom%22,%22header_text_color%22%93}\" theme_builder_area=\"et_body_layout\"][\/et_pb_blurb][et_pb_text _builder_version=\"4.19.5\" _module_preset=\"default\" global_colors_info=\"{}\" theme_builder_area=\"et_body_layout\"]<strong>bis 30.04.2023:<\/strong> 8,00 \u20ac*\n<strong>danach:<\/strong> 10,00 \u20ac*\n\nLaut unseren AGBs ist eine Erstattung der Geb\u00fchren nicht m\u00f6glich.[\/et_pb_text][\/et_pb_column][\/et_pb_row][et_pb_row _builder_version=\"4.19.4\" _module_preset=\"default\" width=\"100%\" global_colors_info=\"{}\" theme_builder_area=\"et_body_layout\"][et_pb_column type=\"4_4\" _builder_version=\"4.19.4\" _module_preset=\"default\" global_colors_info=\"{}\" theme_builder_area=\"et_body_layout\"][et_pb_blurb title=\"Zusatzleistungen\" use_icon=\"on\" font_icon=\"&#x50;||divi||400\" icon_placement=\"left\" image_icon_width=\"30px\" content_max_width=\"100%\" _builder_version=\"4.19.5\" _module_preset=\"default\" header_level=\"h2\" header_text_align=\"left\" header_text_color=\"gcid-8865b06d-5625-40de-98fd-5e76479e36fc\" custom_padding=\"||5px|0px|false|false\" animation=\"off\" border_width_bottom=\"1px\" border_color_bottom=\"gcid-8865b06d-5625-40de-98fd-5e76479e36fc\" saved_tabs=\"all\" global_colors_info=\"{%22gcid-8865b06d-5625-40de-98fd-5e76479e36fc%22:%91%22icon_color%22,%22border_color_bottom%22,%22header_text_color%22%93}\" theme_builder_area=\"et_body_layout\"][\/et_pb_blurb][et_pb_text _builder_version=\"4.19.5\" _module_preset=\"default\" global_colors_info=\"{}\" theme_builder_area=\"et_body_layout\"]<ul>\n \t<li><strong>Zeitmess-Transponder:<\/strong> An der Startnummer, wird am Schuh befestigt<\/li>\n \t<li><strong>Event-Shirt:<\/strong> 30,00 \u20ac<\/li>\n \t<li><strong>Medaillengravur:<\/strong> 10,00 \u20ac<\/li>\n \t<li><strong>Medaillengravur Kind:<\/strong> 8,00 \u20ac<\/li>\n \t<li><strong>Fotopaket:<\/strong> 23,00 \u20ac ab 1.1.2023<\/li>\n \t<li><strong>HD-Video vom Start-Zieleinlauf:<\/strong> 3,99 \u20ac<\/li>\n \t<li><strong>Geld-zur\u00fcck-Garantie:<\/strong> 8,00 \u20ac<\/li>\n<\/ul>\n<span data-contrast=\"auto\">Laut unseren AGBs ist eine Erstattung der Geb\u00fchren nicht m\u00f6glich.<\/span><span data-ccp-props=\"{&quot;201341983&quot;:0,&quot;335559739&quot;:160,&quot;335559740&quot;:259}\">&nbsp;<\/span>[\/et_pb_text][\/et_pb_column][\/et_pb_row][et_pb_row _builder_version=\"4.19.4\" _module_preset=\"default\" width=\"100%\" global_colors_info=\"{}\" theme_builder_area=\"et_body_layout\"][et_pb_column type=\"4_4\" _builder_version=\"4.19.4\" _module_preset=\"default\" global_colors_info=\"{}\" theme_builder_area=\"et_body_layout\"][et_pb_blurb title=\"Gruppen\" use_icon=\"on\" font_icon=\"&#xf0c0;||fa||900\" icon_placement=\"left\" image_icon_width=\"30px\" content_max_width=\"100%\" _builder_version=\"4.19.5\" _module_preset=\"default\" header_level=\"h2\" header_text_align=\"left\" header_text_color=\"gcid-8865b06d-5625-40de-98fd-5e76479e36fc\" custom_padding=\"||5px|0px|false|false\" animation=\"off\" border_width_bottom=\"1px\" border_color_bottom=\"gcid-8865b06d-5625-40de-98fd-5e76479e36fc\" saved_tabs=\"all\" global_colors_info=\"{%22gcid-8865b06d-5625-40de-98fd-5e76479e36fc%22:%91%22icon_color%22,%22border_color_bottom%22,%22header_text_color%22%93}\" theme_builder_area=\"et_body_layout\"][\/et_pb_blurb][et_pb_text _builder_version=\"4.19.4\" _module_preset=\"default\" global_colors_info=\"{}\" theme_builder_area=\"et_body_layout\"]Gruppen erhalten ab 15 TeilnehmerInnen einen Rabatt von 10% auf die Teilnahmegeb\u00fchren. Eine Anmeldung kann nur \u00fcber das \u201eBerlin l\u00e4uft!\u201c-Team erfolgen. Bitte meldet Euch unter <a href=\"mailto:info@berlin-laeuft.de\">info@berlin-laeuft.de<\/a> oder telefonisch unter 030\/30 111 8644 in der Zeit von 9 bis 17 Uhr. F\u00fcr Gruppen bieten wir zudem eine gesammelte Abholung der Startunterlagen an.[\/et_pb_text][\/et_pb_column][\/et_pb_row][et_pb_row _builder_version=\"4.19.4\" _module_preset=\"default\" width=\"100%\" global_colors_info=\"{}\" theme_builder_area=\"et_body_layout\"][et_pb_column type=\"4_4\" _builder_version=\"4.19.4\" _module_preset=\"default\" global_colors_info=\"{}\" theme_builder_area=\"et_body_layout\"][et_pb_blurb title=\"Teilnahmebedingungen\" use_icon=\"on\" font_icon=\"&#x6c;||divi||400\" icon_placement=\"left\" image_icon_width=\"30px\" content_max_width=\"100%\" _builder_version=\"4.19.5\" _module_preset=\"default\" header_level=\"h2\" header_text_align=\"left\" header_text_color=\"gcid-8865b06d-5625-40de-98fd-5e76479e36fc\" custom_padding=\"||5px|0px|false|false\" animation=\"off\" border_width_bottom=\"1px\" border_color_bottom=\"gcid-8865b06d-5625-40de-98fd-5e76479e36fc\" saved_tabs=\"all\" global_colors_info=\"{%22gcid-8865b06d-5625-40de-98fd-5e76479e36fc%22:%91%22icon_color%22,%22border_color_bottom%22,%22header_text_color%22%93}\" theme_builder_area=\"et_body_layout\"][\/et_pb_blurb][et_pb_text _builder_version=\"4.19.4\" _module_preset=\"default\" global_colors_info=\"{}\" theme_builder_area=\"et_body_layout\"]Mit der Online-Anmeldung best\u00e4tigt Ihr, dass Ihr mit den&nbsp;<a href=\"https:\/\/berlin-laeuft.de\/agb\/\">AGB\u00b4s<\/a> und den <a href=\"https:\/\/berlin-laeuft.de\/agb\/\">Teilnahmebedingungen&nbsp;<\/a>einverstanden seid.[\/et_pb_text][\/et_pb_column][\/et_pb_row][et_pb_row _builder_version=\"4.19.4\" _module_preset=\"default\" width=\"100%\" global_colors_info=\"{}\" theme_builder_area=\"et_body_layout\"][et_pb_column type=\"4_4\" _builder_version=\"4.19.4\" _module_preset=\"default\" global_colors_info=\"{}\" theme_builder_area=\"et_body_layout\"][et_pb_blurb title=\"Startpaket\" use_icon=\"on\" font_icon=\"&#xe008;||divi||400\" icon_placement=\"left\" image_icon_width=\"30px\" content_max_width=\"100%\" _builder_version=\"4.19.5\" _module_preset=\"default\" header_level=\"h2\" header_text_align=\"left\" header_text_color=\"gcid-8865b06d-5625-40de-98fd-5e76479e36fc\" custom_padding=\"||5px|0px|false|false\" animation=\"off\" border_width_bottom=\"1px\" border_color_bottom=\"gcid-8865b06d-5625-40de-98fd-5e76479e36fc\" saved_tabs=\"all\" global_colors_info=\"{%22gcid-8865b06d-5625-40de-98fd-5e76479e36fc%22:%91%22icon_color%22,%22border_color_bottom%22,%22header_text_color%22%93}\" theme_builder_area=\"et_body_layout\"][\/et_pb_blurb][et_pb_text _builder_version=\"4.19.4\" _module_preset=\"default\" global_colors_info=\"{}\" theme_builder_area=\"et_body_layout\"]<p><strong>Wir bieten unseren Teilnehmer\/Innen ein umfangreiches Startpaket:<\/strong><strong><\/strong><strong><\/strong><\/p>\n<ul>\n<li>Versicherung<\/li>\n<li>Zeitmessung mit dem Transponder am Schuh<\/li>\n<li>Kleiderbeutelaufbewahrung<\/li>\n<li>Verpflegungspunkte und WC\u2019s an der Strecke<\/li>\n<li>Hinterzielverpflegung<\/li>\n<li>Einzelwertungen<\/li>\n<li>Finisher-Medaille<\/li>\n<li>Online-Urkunde mit pers\u00f6nlichem Ergebnis<\/li>\n<li>BVG-Tickets nur f\u00fcr Staffell\u00e4uferInnen<\/li>\n<\/ul>[\/et_pb_text][\/et_pb_column][\/et_pb_row][et_pb_row _builder_version=\"4.19.4\" _module_preset=\"default\" width=\"100%\" global_colors_info=\"{}\" theme_builder_area=\"et_body_layout\"][et_pb_column type=\"4_4\" _builder_version=\"4.19.4\" _module_preset=\"default\" global_colors_info=\"{}\" theme_builder_area=\"et_body_layout\"][et_pb_blurb title=\"Startnummernvergabe\" use_icon=\"on\" font_icon=\"&#xe608;||divi||400\" icon_placement=\"left\" image_icon_width=\"30px\" content_max_width=\"100%\" _builder_version=\"4.19.5\" _module_preset=\"default\" header_level=\"h2\" header_text_align=\"left\" header_text_color=\"gcid-8865b06d-5625-40de-98fd-5e76479e36fc\" custom_padding=\"||5px|0px|false|false\" animation=\"off\" border_width_bottom=\"1px\" border_color_bottom=\"gcid-8865b06d-5625-40de-98fd-5e76479e36fc\" saved_tabs=\"all\" global_colors_info=\"{%22gcid-8865b06d-5625-40de-98fd-5e76479e36fc%22:%91%22icon_color%22,%22border_color_bottom%22,%22header_text_color%22%93}\" theme_builder_area=\"et_body_layout\"][\/et_pb_blurb][et_pb_text _builder_version=\"4.19.5\" _module_preset=\"default\" global_colors_info=\"{}\" theme_builder_area=\"et_body_layout\"]<p>Die Startnummern werden erst kurz vor der Veranstaltung vom Zeitnehmer zugeordnet. Bei Anmeldung im Nachmeldezeitraum, wird die Startnummer erst kurz vor dem auf zugeordnet. Eure Startnummer findet Ihr in der <a href=\"https:\/\/starter.davengo.com\/?event=6319ca8f99328bc3589ae7cb\" target=\"_blank\" rel=\"noopener\">Starterliste<\/a>.<\/p>\n<p>Alle weitere Information erhaltet Ihr vor dem Lauf per E-Mail oder findet Ihr in den Teilnehmerinfos (Verlinkung zu Teilnehmerinfos).<\/p>\n<p>Gruppen ab 15 Personen k\u00f6nnen Ihre Startunterlagen gesammelt abholen.<\/p>[\/et_pb_text][\/et_pb_column][\/et_pb_row][et_pb_row _builder_version=\"4.19.4\" _module_preset=\"default\" width=\"100%\" global_colors_info=\"{}\" theme_builder_area=\"et_body_layout\"][et_pb_column type=\"4_4\" _builder_version=\"4.19.4\" _module_preset=\"default\" global_colors_info=\"{}\" theme_builder_area=\"et_body_layout\"][et_pb_blurb title=\"\u00dcbertragung des Startplatzes\" use_icon=\"on\" font_icon=\"&#x2b;||divi||400\" icon_placement=\"left\" image_icon_width=\"30px\" content_max_width=\"100%\" _builder_version=\"4.19.5\" _module_preset=\"default\" header_level=\"h2\" header_text_align=\"left\" header_text_color=\"gcid-8865b06d-5625-40de-98fd-5e76479e36fc\" custom_padding=\"||5px|0px|false|false\" animation=\"off\" border_width_bottom=\"1px\" border_color_bottom=\"gcid-8865b06d-5625-40de-98fd-5e76479e36fc\" saved_tabs=\"all\" global_colors_info=\"{%22gcid-8865b06d-5625-40de-98fd-5e76479e36fc%22:%91%22icon_color%22,%22border_color_bottom%22,%22header_text_color%22%93}\" theme_builder_area=\"et_body_layout\"][\/et_pb_blurb][et_pb_text _builder_version=\"4.19.4\" _module_preset=\"default\" global_colors_info=\"{}\" theme_builder_area=\"et_body_layout\"]Ihr k\u00f6nnt Euren Startplatz kostenlos auf einen anderen Teilnehmenden \u00fcbertragen. Den Teilnehmertausch k\u00f6nnt Ihr bis zum Beginn des Nachmeldezeitraums in Eurem Benutzerkonto vornehmen. \u00c4ndert daf\u00fcr die Teilnehmerdaten in Eurem Profil.[\/et_pb_text][\/et_pb_column][\/et_pb_row][et_pb_row _builder_version=\"4.19.4\" _module_preset=\"default\" width=\"100%\" global_colors_info=\"{}\" theme_builder_area=\"et_body_layout\"][et_pb_column type=\"4_4\" _builder_version=\"4.19.4\" _module_preset=\"default\" global_colors_info=\"{}\" theme_builder_area=\"et_body_layout\"][et_pb_blurb title=\"Ausfall durch Krankheit oder Verletzung\" use_icon=\"on\" font_icon=\"&#xf728;||fa||900\" icon_placement=\"left\" image_icon_width=\"30px\" content_max_width=\"100%\" _builder_version=\"4.19.5\" _module_preset=\"default\" header_level=\"h2\" header_text_align=\"left\" header_text_color=\"gcid-8865b06d-5625-40de-98fd-5e76479e36fc\" custom_padding=\"||5px|0px|false|false\" animation=\"off\" border_width_bottom=\"1px\" border_color_bottom=\"gcid-8865b06d-5625-40de-98fd-5e76479e36fc\" saved_tabs=\"all\" global_colors_info=\"{%22gcid-8865b06d-5625-40de-98fd-5e76479e36fc%22:%91%22icon_color%22,%22border_color_bottom%22,%22header_text_color%22%93}\" theme_builder_area=\"et_body_layout\"][\/et_pb_blurb][et_pb_text _builder_version=\"4.19.4\" _module_preset=\"default\" global_colors_info=\"{}\" theme_builder_area=\"et_body_layout\"]Im Fall einer Verletzung oder Krankheit bitten wir Euch das entsprechende \u00e4rztliche Attest\/\u00e4rztliche Bescheinigung vor dem Eventtag an <a href=\"mailto:info@berlin-laeuft.de\">info@berlin-laeuft.de<\/a> zu schicken. Es besteht die Option den Startplatz zu \u00fcbertragen oder auf ein anderes unserer Events umzubuchen. Eine R\u00fcckerstattung ist ausgeschlossen.[\/et_pb_text][\/et_pb_column][\/et_pb_row][\/et_pb_section]","_et_gb_content_width":"","footnotes":""},"class_list":["post-6747","page","type-page","status-publish","hentry"],"yoast_head":"<!-- This site is optimized with the Yoast SEO plugin v27.5 - https:\/\/yoast.com\/product\/yoast-seo-wordpress\/ -->\n<title>S25 Berlin | Partner<\/title>\n<meta name=\"robots\" content=\"index, follow, max-snippet:-1, max-image-preview:large, max-video-preview:-1\" \/>\n<link rel=\"canonical\" href=\"https:\/\/berlin-laeuft.de\/s25berlin\/partner\/\" \/>\n<meta property=\"og:locale\" content=\"en_US\" \/>\n<meta property=\"og:type\" content=\"article\" \/>\n<meta property=\"og:title\" content=\"S25 Berlin | Partner\" \/>\n<meta property=\"og:description\" content=\"FinanzpartnerSeit \u00fcber 200 Jahren sind wir untrennbar mit Berlin verbunden. Neben der Beratung unserer Kunden in allen Finanzfragen steht das gesellschaftliche Engagement f\u00fcr unsere Stadt im Mittelpunkt.Ausr\u00fcster | TextilienBodycross, gegr\u00fcndet im Jahr 2014, ist eine franz\u00f6sische Marke f\u00fcr hochwertige technische Bekleidung, die dem Laufen und Trailrunning gewidmet ist. Unsere Mission: Alle L\u00e4ufer, unabh\u00e4ngig von ihrem [&hellip;]\" \/>\n<meta property=\"og:url\" content=\"https:\/\/berlin-laeuft.de\/s25berlin\/partner\/\" \/>\n<meta property=\"og:site_name\" content=\"S25 Berlin\" \/>\n<meta property=\"article:modified_time\" content=\"2026-03-26T10:14:22+00:00\" \/>\n<meta name=\"twitter:card\" content=\"summary_large_image\" \/>\n<meta name=\"twitter:label1\" content=\"Est. reading time\" \/>\n\t<meta name=\"twitter:data1\" content=\"4 minutes\" \/>\n<script type=\"application\/ld+json\" class=\"yoast-schema-graph\">{\"@context\":\"https:\\\/\\\/schema.org\",\"@graph\":[{\"@type\":\"WebPage\",\"@id\":\"https:\\\/\\\/berlin-laeuft.de\\\/s25berlin\\\/partner\\\/\",\"url\":\"https:\\\/\\\/berlin-laeuft.de\\\/s25berlin\\\/partner\\\/\",\"name\":\"S25 Berlin | Partner\",\"isPartOf\":{\"@id\":\"https:\\\/\\\/berlin-laeuft.de\\\/s25berlin\\\/#website\"},\"datePublished\":\"2023-02-14T12:24:17+00:00\",\"dateModified\":\"2026-03-26T10:14:22+00:00\",\"breadcrumb\":{\"@id\":\"https:\\\/\\\/berlin-laeuft.de\\\/s25berlin\\\/partner\\\/#breadcrumb\"},\"inLanguage\":\"en-US\",\"potentialAction\":[{\"@type\":\"ReadAction\",\"target\":[\"https:\\\/\\\/berlin-laeuft.de\\\/s25berlin\\\/partner\\\/\"]}]},{\"@type\":\"BreadcrumbList\",\"@id\":\"https:\\\/\\\/berlin-laeuft.de\\\/s25berlin\\\/partner\\\/#breadcrumb\",\"itemListElement\":[{\"@type\":\"ListItem\",\"position\":1,\"name\":\"Startseite\",\"item\":\"https:\\\/\\\/berlin-laeuft.de\\\/s25berlin\\\/\"},{\"@type\":\"ListItem\",\"position\":2,\"name\":\"Partner\"}]},{\"@type\":\"WebSite\",\"@id\":\"https:\\\/\\\/berlin-laeuft.de\\\/s25berlin\\\/#website\",\"url\":\"https:\\\/\\\/berlin-laeuft.de\\\/s25berlin\\\/\",\"name\":\"S25 Berlin\",\"description\":\"\",\"publisher\":{\"@id\":\"https:\\\/\\\/berlin-laeuft.de\\\/s25berlin\\\/#organization\"},\"potentialAction\":[{\"@type\":\"SearchAction\",\"target\":{\"@type\":\"EntryPoint\",\"urlTemplate\":\"https:\\\/\\\/berlin-laeuft.de\\\/s25berlin\\\/?s={search_term_string}\"},\"query-input\":{\"@type\":\"PropertyValueSpecification\",\"valueRequired\":true,\"valueName\":\"search_term_string\"}}],\"inLanguage\":\"en-US\"},{\"@type\":\"Organization\",\"@id\":\"https:\\\/\\\/berlin-laeuft.de\\\/s25berlin\\\/#organization\",\"name\":\"S25 Berlin\",\"url\":\"https:\\\/\\\/berlin-laeuft.de\\\/s25berlin\\\/\",\"logo\":{\"@type\":\"ImageObject\",\"inLanguage\":\"en-US\",\"@id\":\"https:\\\/\\\/berlin-laeuft.de\\\/s25berlin\\\/#\\\/schema\\\/logo\\\/image\\\/\",\"url\":\"https:\\\/\\\/berlin-laeuft.de\\\/s25berlin\\\/wp-content\\\/uploads\\\/sites\\\/2\\\/logos\\\/s25-logo.svg\",\"contentUrl\":\"https:\\\/\\\/berlin-laeuft.de\\\/s25berlin\\\/wp-content\\\/uploads\\\/sites\\\/2\\\/logos\\\/s25-logo.svg\",\"width\":1,\"height\":1,\"caption\":\"S25 Berlin\"},\"image\":{\"@id\":\"https:\\\/\\\/berlin-laeuft.de\\\/s25berlin\\\/#\\\/schema\\\/logo\\\/image\\\/\"}}]}<\/script>\n<!-- \/ Yoast SEO plugin. -->","yoast_head_json":{"title":"S25 Berlin | Partner","robots":{"index":"index","follow":"follow","max-snippet":"max-snippet:-1","max-image-preview":"max-image-preview:large","max-video-preview":"max-video-preview:-1"},"canonical":"https:\/\/berlin-laeuft.de\/s25berlin\/partner\/","og_locale":"en_US","og_type":"article","og_title":"S25 Berlin | Partner","og_description":"FinanzpartnerSeit \u00fcber 200 Jahren sind wir untrennbar mit Berlin verbunden. Neben der Beratung unserer Kunden in allen Finanzfragen steht das gesellschaftliche Engagement f\u00fcr unsere Stadt im Mittelpunkt.Ausr\u00fcster | TextilienBodycross, gegr\u00fcndet im Jahr 2014, ist eine franz\u00f6sische Marke f\u00fcr hochwertige technische Bekleidung, die dem Laufen und Trailrunning gewidmet ist. Unsere Mission: Alle L\u00e4ufer, unabh\u00e4ngig von ihrem [&hellip;]","og_url":"https:\/\/berlin-laeuft.de\/s25berlin\/partner\/","og_site_name":"S25 Berlin","article_modified_time":"2026-03-26T10:14:22+00:00","twitter_card":"summary_large_image","twitter_misc":{"Est. reading time":"4 minutes"},"schema":{"@context":"https:\/\/schema.org","@graph":[{"@type":"WebPage","@id":"https:\/\/berlin-laeuft.de\/s25berlin\/partner\/","url":"https:\/\/berlin-laeuft.de\/s25berlin\/partner\/","name":"S25 Berlin | Partner","isPartOf":{"@id":"https:\/\/berlin-laeuft.de\/s25berlin\/#website"},"datePublished":"2023-02-14T12:24:17+00:00","dateModified":"2026-03-26T10:14:22+00:00","breadcrumb":{"@id":"https:\/\/berlin-laeuft.de\/s25berlin\/partner\/#breadcrumb"},"inLanguage":"en-US","potentialAction":[{"@type":"ReadAction","target":["https:\/\/berlin-laeuft.de\/s25berlin\/partner\/"]}]},{"@type":"BreadcrumbList","@id":"https:\/\/berlin-laeuft.de\/s25berlin\/partner\/#breadcrumb","itemListElement":[{"@type":"ListItem","position":1,"name":"Startseite","item":"https:\/\/berlin-laeuft.de\/s25berlin\/"},{"@type":"ListItem","position":2,"name":"Partner"}]},{"@type":"WebSite","@id":"https:\/\/berlin-laeuft.de\/s25berlin\/#website","url":"https:\/\/berlin-laeuft.de\/s25berlin\/","name":"S25 Berlin","description":"","publisher":{"@id":"https:\/\/berlin-laeuft.de\/s25berlin\/#organization"},"potentialAction":[{"@type":"SearchAction","target":{"@type":"EntryPoint","urlTemplate":"https:\/\/berlin-laeuft.de\/s25berlin\/?s={search_term_string}"},"query-input":{"@type":"PropertyValueSpecification","valueRequired":true,"valueName":"search_term_string"}}],"inLanguage":"en-US"},{"@type":"Organization","@id":"https:\/\/berlin-laeuft.de\/s25berlin\/#organization","name":"S25 Berlin","url":"https:\/\/berlin-laeuft.de\/s25berlin\/","logo":{"@type":"ImageObject","inLanguage":"en-US","@id":"https:\/\/berlin-laeuft.de\/s25berlin\/#\/schema\/logo\/image\/","url":"https:\/\/berlin-laeuft.de\/s25berlin\/wp-content\/uploads\/sites\/2\/logos\/s25-logo.svg","contentUrl":"https:\/\/berlin-laeuft.de\/s25berlin\/wp-content\/uploads\/sites\/2\/logos\/s25-logo.svg","width":1,"height":1,"caption":"S25 Berlin"},"image":{"@id":"https:\/\/berlin-laeuft.de\/s25berlin\/#\/schema\/logo\/image\/"}}]}},"_links":{"self":[{"href":"https:\/\/berlin-laeuft.de\/s25berlin\/wp-json\/wp\/v2\/pages\/6747","targetHints":{"allow":["GET"]}}],"collection":[{"href":"https:\/\/berlin-laeuft.de\/s25berlin\/wp-json\/wp\/v2\/pages"}],"about":[{"href":"https:\/\/berlin-laeuft.de\/s25berlin\/wp-json\/wp\/v2\/types\/page"}],"author":[{"embeddable":true,"href":"https:\/\/berlin-laeuft.de\/s25berlin\/wp-json\/wp\/v2\/users\/1"}],"replies":[{"embeddable":true,"href":"https:\/\/berlin-laeuft.de\/s25berlin\/wp-json\/wp\/v2\/comments?post=6747"}],"version-history":[{"count":2,"href":"https:\/\/berlin-laeuft.de\/s25berlin\/wp-json\/wp\/v2\/pages\/6747\/revisions"}],"predecessor-version":[{"id":9062,"href":"https:\/\/berlin-laeuft.de\/s25berlin\/wp-json\/wp\/v2\/pages\/6747\/revisions\/9062"}],"wp:attachment":[{"href":"https:\/\/berlin-laeuft.de\/s25berlin\/wp-json\/wp\/v2\/media?parent=6747"}],"curies":[{"name":"wp","href":"https:\/\/api.w.org\/{rel}","templated":true}]}}